{"id":4501,"date":"2021-04-12T15:27:02","date_gmt":"2021-04-12T15:27:02","guid":{"rendered":"https:\/\/bpmilko.es\/?page_id=4501"},"modified":"2025-09-22T11:40:48","modified_gmt":"2025-09-22T09:40:48","slug":"home","status":"publish","type":"page","link":"https:\/\/pasionporelcaballo.es\/en\/","title":{"rendered":"Home"},"content":{"rendered":"<div id='full_slider_1'  class='avia-fullwidth-slider main_color avia-shadow  av-mini-hide  avia-builder-el-0  el_before_av_slideshow_full  avia-builder-el-first   container_wrap fullsize' style=' '  ><div   data-size='no scaling'  data-lightbox_size='large'  data-animation='slide'  data-conditional_play='confirm_all'  data-ids='6161,5493,5494,5495,5496,5498,5499,6866'  data-video_counter='0'  data-autoplay='true'  data-bg_slider='false'  data-slide_height=''  data-handle='av_slideshow_full'  data-interval='5'  data-class=' '  data-el_id=''  data-css_id=''  data-scroll_down=''  data-control_layout='av-control-default'  data-custom_markup=''  data-perma_caption='aviaTBperma_caption'  data-autoplay_stopper=''  data-image_attachment=''  data-min_height='0px'  data-lazy_loading='disabled'  data-src=''  data-position='top left'  data-repeat='no-repeat'  data-attach='scroll'  data-stretch=''  class='avia-slideshow avia-slideshow-1  av-control-default av-default-height-applied avia-slideshow-no scaling av_slideshow_full   avia-slide-slider '  itemprop=\"image\" itemscope=\"itemscope\" itemtype=\"https:\/\/schema.org\/ImageObject\" ><ul class='avia-slideshow-inner ' style='padding-bottom: 66.666666666667%;' ><li  class=' slide-1 ' ><div data-rel='slideshow-1' class='avia-slide-wrap '   ><img decoding=\"async\" class=\"wp-image-6161 avia-img-lazy-loading-not-6161\"  src=\"https:\/\/pasionporelcaballo.es\/wp-content\/uploads\/2022\/09\/Antonio-Maldonado-en-ejercicios-de-Alta-Escuela.jpg\" width=\"600\" height=\"400\" title='Antonio Maldonado en ejercicios de Alta Escuela' alt=''  itemprop=\"thumbnailUrl\" srcset=\"https:\/\/pasionporelcaballo.es\/wp-content\/uploads\/2022\/09\/Antonio-Maldonado-en-ejercicios-de-Alta-Escuela.jpg 600w, https:\/\/pasionporelcaballo.es\/wp-content\/uploads\/2022\/09\/Antonio-Maldonado-en-ejercicios-de-Alta-Escuela-300x200.jpg 300w\" sizes=\"(max-width: 600px) 100vw, 600px\" \/><\/div><\/li><li  class=' slide-2 ' ><div data-rel='slideshow-1' class='avia-slide-wrap '   ><img decoding=\"async\" class=\"wp-image-5493 avia-img-lazy-loading-not-5493\"  src=\"https:\/\/pasionporelcaballo.es\/wp-content\/uploads\/2021\/07\/cabezera1.jpg\" width=\"2048\" height=\"1246\" title='cabezera1' alt=''  itemprop=\"thumbnailUrl\" srcset=\"https:\/\/pasionporelcaballo.es\/wp-content\/uploads\/2021\/07\/cabezera1.jpg 2048w, https:\/\/pasionporelcaballo.es\/wp-content\/uploads\/2021\/07\/cabezera1-300x183.jpg 300w, https:\/\/pasionporelcaballo.es\/wp-content\/uploads\/2021\/07\/cabezera1-1030x627.jpg 1030w, https:\/\/pasionporelcaballo.es\/wp-content\/uploads\/2021\/07\/cabezera1-768x467.jpg 768w, https:\/\/pasionporelcaballo.es\/wp-content\/uploads\/2021\/07\/cabezera1-1536x935.jpg 1536w, https:\/\/pasionporelcaballo.es\/wp-content\/uploads\/2021\/07\/cabezera1-1500x913.jpg 1500w, https:\/\/pasionporelcaballo.es\/wp-content\/uploads\/2021\/07\/cabezera1-705x429.jpg 705w\" sizes=\"(max-width: 2048px) 100vw, 2048px\" \/><\/div><\/li><li  class=' slide-3 ' ><div data-rel='slideshow-1' class='avia-slide-wrap '   ><img decoding=\"async\" class=\"wp-image-5494 avia-img-lazy-loading-not-5494\"  src=\"https:\/\/pasionporelcaballo.es\/wp-content\/uploads\/2021\/07\/cabezera2.jpg\" width=\"2048\" height=\"1264\" title='cabezera2' alt=''  itemprop=\"thumbnailUrl\" srcset=\"https:\/\/pasionporelcaballo.es\/wp-content\/uploads\/2021\/07\/cabezera2.jpg 2048w, https:\/\/pasionporelcaballo.es\/wp-content\/uploads\/2021\/07\/cabezera2-300x185.jpg 300w, https:\/\/pasionporelcaballo.es\/wp-content\/uploads\/2021\/07\/cabezera2-1030x636.jpg 1030w, https:\/\/pasionporelcaballo.es\/wp-content\/uploads\/2021\/07\/cabezera2-768x474.jpg 768w, https:\/\/pasionporelcaballo.es\/wp-content\/uploads\/2021\/07\/cabezera2-1536x948.jpg 1536w, https:\/\/pasionporelcaballo.es\/wp-content\/uploads\/2021\/07\/cabezera2-1500x926.jpg 1500w, https:\/\/pasionporelcaballo.es\/wp-content\/uploads\/2021\/07\/cabezera2-705x435.jpg 705w\" sizes=\"(max-width: 2048px) 100vw, 2048px\" \/><\/div><\/li><li  class=' slide-4 ' ><div data-rel='slideshow-1' class='avia-slide-wrap '   ><img decoding=\"async\" class=\"wp-image-5495 avia-img-lazy-loading-not-5495\"  src=\"https:\/\/pasionporelcaballo.es\/wp-content\/uploads\/2021\/07\/cabezera3.jpg\" width=\"2048\" height=\"1264\" title='cabezera3' alt=''  itemprop=\"thumbnailUrl\" srcset=\"https:\/\/pasionporelcaballo.es\/wp-content\/uploads\/2021\/07\/cabezera3.jpg 2048w, https:\/\/pasionporelcaballo.es\/wp-content\/uploads\/2021\/07\/cabezera3-300x185.jpg 300w, https:\/\/pasionporelcaballo.es\/wp-content\/uploads\/2021\/07\/cabezera3-1030x636.jpg 1030w, https:\/\/pasionporelcaballo.es\/wp-content\/uploads\/2021\/07\/cabezera3-768x474.jpg 768w, https:\/\/pasionporelcaballo.es\/wp-content\/uploads\/2021\/07\/cabezera3-1536x948.jpg 1536w, https:\/\/pasionporelcaballo.es\/wp-content\/uploads\/2021\/07\/cabezera3-1500x926.jpg 1500w, https:\/\/pasionporelcaballo.es\/wp-content\/uploads\/2021\/07\/cabezera3-705x435.jpg 705w\" sizes=\"(max-width: 2048px) 100vw, 2048px\" \/><\/div><\/li><li  class=' slide-5 ' ><div data-rel='slideshow-1' class='avia-slide-wrap '   ><img decoding=\"async\" class=\"wp-image-5496 avia-img-lazy-loading-not-5496\"  src=\"https:\/\/pasionporelcaballo.es\/wp-content\/uploads\/2021\/07\/cabezera4.jpg\" width=\"2048\" height=\"1264\" title='cabezera4' alt=''  itemprop=\"thumbnailUrl\" srcset=\"https:\/\/pasionporelcaballo.es\/wp-content\/uploads\/2021\/07\/cabezera4.jpg 2048w, https:\/\/pasionporelcaballo.es\/wp-content\/uploads\/2021\/07\/cabezera4-300x185.jpg 300w, https:\/\/pasionporelcaballo.es\/wp-content\/uploads\/2021\/07\/cabezera4-1030x636.jpg 1030w, https:\/\/pasionporelcaballo.es\/wp-content\/uploads\/2021\/07\/cabezera4-768x474.jpg 768w, https:\/\/pasionporelcaballo.es\/wp-content\/uploads\/2021\/07\/cabezera4-1536x948.jpg 1536w, https:\/\/pasionporelcaballo.es\/wp-content\/uploads\/2021\/07\/cabezera4-1500x926.jpg 1500w, https:\/\/pasionporelcaballo.es\/wp-content\/uploads\/2021\/07\/cabezera4-705x435.jpg 705w\" sizes=\"(max-width: 2048px) 100vw, 2048px\" \/><\/div><\/li><li  class=' slide-6 ' ><div data-rel='slideshow-1' class='avia-slide-wrap '   ><img decoding=\"async\" class=\"wp-image-5498 avia-img-lazy-loading-not-5498\"  src=\"https:\/\/pasionporelcaballo.es\/wp-content\/uploads\/2021\/07\/cabezera5.jpg\" width=\"2048\" height=\"1264\" title='cabezera5' alt=''  itemprop=\"thumbnailUrl\" srcset=\"https:\/\/pasionporelcaballo.es\/wp-content\/uploads\/2021\/07\/cabezera5.jpg 2048w, https:\/\/pasionporelcaballo.es\/wp-content\/uploads\/2021\/07\/cabezera5-300x185.jpg 300w, https:\/\/pasionporelcaballo.es\/wp-content\/uploads\/2021\/07\/cabezera5-1030x636.jpg 1030w, https:\/\/pasionporelcaballo.es\/wp-content\/uploads\/2021\/07\/cabezera5-768x474.jpg 768w, https:\/\/pasionporelcaballo.es\/wp-content\/uploads\/2021\/07\/cabezera5-1536x948.jpg 1536w, https:\/\/pasionporelcaballo.es\/wp-content\/uploads\/2021\/07\/cabezera5-1500x926.jpg 1500w, https:\/\/pasionporelcaballo.es\/wp-content\/uploads\/2021\/07\/cabezera5-705x435.jpg 705w\" sizes=\"(max-width: 2048px) 100vw, 2048px\" \/><\/div><\/li><li  class=' slide-7 ' ><div data-rel='slideshow-1' class='avia-slide-wrap '   ><img decoding=\"async\" class=\"wp-image-5499 avia-img-lazy-loading-not-5499\"  src=\"https:\/\/pasionporelcaballo.es\/wp-content\/uploads\/2021\/07\/cabezera6.jpg\" width=\"2048\" height=\"1264\" title='cabezera6' alt=''  itemprop=\"thumbnailUrl\" srcset=\"https:\/\/pasionporelcaballo.es\/wp-content\/uploads\/2021\/07\/cabezera6.jpg 2048w, https:\/\/pasionporelcaballo.es\/wp-content\/uploads\/2021\/07\/cabezera6-300x185.jpg 300w, https:\/\/pasionporelcaballo.es\/wp-content\/uploads\/2021\/07\/cabezera6-1030x636.jpg 1030w, https:\/\/pasionporelcaballo.es\/wp-content\/uploads\/2021\/07\/cabezera6-768x474.jpg 768w, https:\/\/pasionporelcaballo.es\/wp-content\/uploads\/2021\/07\/cabezera6-1536x948.jpg 1536w, https:\/\/pasionporelcaballo.es\/wp-content\/uploads\/2021\/07\/cabezera6-1500x926.jpg 1500w, https:\/\/pasionporelcaballo.es\/wp-content\/uploads\/2021\/07\/cabezera6-705x435.jpg 705w\" sizes=\"(max-width: 2048px) 100vw, 2048px\" \/><\/div><\/li><li  class=' slide-8 ' ><div data-rel='slideshow-1' class='avia-slide-wrap '   ><img decoding=\"async\" class=\"wp-image-6866 avia-img-lazy-loading-not-6866\"  src=\"https:\/\/pasionporelcaballo.es\/wp-content\/uploads\/2022\/10\/Oliver-Lange-consigue-un-primer-puesto-en-doma-en-el-Campeonato-de-Espana-de-Enganche-2022-1.jpg\" width=\"900\" height=\"595\" title='Oliver Lange consigue un primer puesto en doma en el Campeonato de Espa\u00f1a de Enganche 2022' alt=''  itemprop=\"thumbnailUrl\" srcset=\"https:\/\/pasionporelcaballo.es\/wp-content\/uploads\/2022\/10\/Oliver-Lange-consigue-un-primer-puesto-en-doma-en-el-Campeonato-de-Espana-de-Enganche-2022-1.jpg 900w, https:\/\/pasionporelcaballo.es\/wp-content\/uploads\/2022\/10\/Oliver-Lange-consigue-un-primer-puesto-en-doma-en-el-Campeonato-de-Espana-de-Enganche-2022-1-300x198.jpg 300w, https:\/\/pasionporelcaballo.es\/wp-content\/uploads\/2022\/10\/Oliver-Lange-consigue-un-primer-puesto-en-doma-en-el-Campeonato-de-Espana-de-Enganche-2022-1-768x508.jpg 768w, https:\/\/pasionporelcaballo.es\/wp-content\/uploads\/2022\/10\/Oliver-Lange-consigue-un-primer-puesto-en-doma-en-el-Campeonato-de-Espana-de-Enganche-2022-1-705x466.jpg 705w\" sizes=\"(max-width: 900px) 100vw, 900px\" \/><\/div><\/li><\/ul><div class='avia-slideshow-arrows avia-slideshow-controls'><a href='#prev' tabindex='-1' class='prev-slide' aria-hidden='true' data-av_icon='\ue87c' data-av_iconfont='entypo-fontello'>Previous<\/a><a href='#next' tabindex='-1' class='next-slide' aria-hidden='true' data-av_icon='\ue87d' data-av_iconfont='entypo-fontello'>Next<\/a><\/div><div class='avia-slideshow-dots avia-slideshow-controls'><a href='#1' class='goto-slide active' >1<\/a><a href='#2' class='goto-slide ' >2<\/a><a href='#3' class='goto-slide ' >3<\/a><a href='#4' class='goto-slide ' >4<\/a><a href='#5' class='goto-slide ' >5<\/a><a href='#6' class='goto-slide ' >6<\/a><a href='#7' class='goto-slide ' >7<\/a><a href='#8' class='goto-slide ' >8<\/a><\/div><\/div><\/div>\n<div id='full_slider_2'  class='avia-fullwidth-slider main_color avia-shadow  av-desktop-hide av-medium-hide av-small-hide  avia-builder-el-1  el_after_av_slideshow_full  el_before_av_section   slider-not-first container_wrap fullsize' style=' '  ><div   data-size='no scaling'  data-lightbox_size='large'  data-animation='slide'  data-conditional_play='confirm_all'  data-ids='6161,5493,5494,5495,5496,5498,5499,6866'  data-video_counter='0'  data-autoplay='true'  data-bg_slider='false'  data-slide_height=''  data-handle='av_slideshow_full'  data-interval='5'  data-class=' '  data-el_id=''  data-css_id=''  data-scroll_down=''  data-control_layout='av-control-default'  data-custom_markup=''  data-perma_caption='aviaTBperma_caption'  data-autoplay_stopper=''  data-image_attachment=''  data-min_height='0px'  data-lazy_loading='disabled'  data-src=''  data-position='top left'  data-repeat='no-repeat'  data-attach='scroll'  data-stretch=''  class='avia-slideshow avia-slideshow-2  av-control-default av-default-height-applied avia-slideshow-no scaling av_slideshow_full   avia-slide-slider '  itemprop=\"image\" itemscope=\"itemscope\" itemtype=\"https:\/\/schema.org\/ImageObject\" ><ul class='avia-slideshow-inner ' style='padding-bottom: 66.666666666667%;' ><li  class=' slide-1 ' ><div data-rel='slideshow-2' class='avia-slide-wrap '   ><img decoding=\"async\" class=\"wp-image-6161 avia-img-lazy-loading-not-6161\"  src=\"https:\/\/pasionporelcaballo.es\/wp-content\/uploads\/2022\/09\/Antonio-Maldonado-en-ejercicios-de-Alta-Escuela.jpg\" width=\"600\" height=\"400\" title='Antonio Maldonado en ejercicios de Alta Escuela' alt=''  itemprop=\"thumbnailUrl\" srcset=\"https:\/\/pasionporelcaballo.es\/wp-content\/uploads\/2022\/09\/Antonio-Maldonado-en-ejercicios-de-Alta-Escuela.jpg 600w, https:\/\/pasionporelcaballo.es\/wp-content\/uploads\/2022\/09\/Antonio-Maldonado-en-ejercicios-de-Alta-Escuela-300x200.jpg 300w\" sizes=\"(max-width: 600px) 100vw, 600px\" \/><\/div><\/li><li  class=' slide-2 ' ><div data-rel='slideshow-2' class='avia-slide-wrap '   ><img decoding=\"async\" class=\"wp-image-5493 avia-img-lazy-loading-not-5493\"  src=\"https:\/\/pasionporelcaballo.es\/wp-content\/uploads\/2021\/07\/cabezera1.jpg\" width=\"2048\" height=\"1246\" title='cabezera1' alt=''  itemprop=\"thumbnailUrl\" srcset=\"https:\/\/pasionporelcaballo.es\/wp-content\/uploads\/2021\/07\/cabezera1.jpg 2048w, https:\/\/pasionporelcaballo.es\/wp-content\/uploads\/2021\/07\/cabezera1-300x183.jpg 300w, https:\/\/pasionporelcaballo.es\/wp-content\/uploads\/2021\/07\/cabezera1-1030x627.jpg 1030w, https:\/\/pasionporelcaballo.es\/wp-content\/uploads\/2021\/07\/cabezera1-768x467.jpg 768w, https:\/\/pasionporelcaballo.es\/wp-content\/uploads\/2021\/07\/cabezera1-1536x935.jpg 1536w, https:\/\/pasionporelcaballo.es\/wp-content\/uploads\/2021\/07\/cabezera1-1500x913.jpg 1500w, https:\/\/pasionporelcaballo.es\/wp-content\/uploads\/2021\/07\/cabezera1-705x429.jpg 705w\" sizes=\"(max-width: 2048px) 100vw, 2048px\" \/><\/div><\/li><li  class=' slide-3 ' ><div data-rel='slideshow-2' class='avia-slide-wrap '   ><img decoding=\"async\" class=\"wp-image-5494 avia-img-lazy-loading-not-5494\"  src=\"https:\/\/pasionporelcaballo.es\/wp-content\/uploads\/2021\/07\/cabezera2.jpg\" width=\"2048\" height=\"1264\" title='cabezera2' alt=''  itemprop=\"thumbnailUrl\" srcset=\"https:\/\/pasionporelcaballo.es\/wp-content\/uploads\/2021\/07\/cabezera2.jpg 2048w, https:\/\/pasionporelcaballo.es\/wp-content\/uploads\/2021\/07\/cabezera2-300x185.jpg 300w, https:\/\/pasionporelcaballo.es\/wp-content\/uploads\/2021\/07\/cabezera2-1030x636.jpg 1030w, https:\/\/pasionporelcaballo.es\/wp-content\/uploads\/2021\/07\/cabezera2-768x474.jpg 768w, https:\/\/pasionporelcaballo.es\/wp-content\/uploads\/2021\/07\/cabezera2-1536x948.jpg 1536w, https:\/\/pasionporelcaballo.es\/wp-content\/uploads\/2021\/07\/cabezera2-1500x926.jpg 1500w, https:\/\/pasionporelcaballo.es\/wp-content\/uploads\/2021\/07\/cabezera2-705x435.jpg 705w\" sizes=\"(max-width: 2048px) 100vw, 2048px\" \/><\/div><\/li><li  class=' slide-4 ' ><div data-rel='slideshow-2' class='avia-slide-wrap '   ><img decoding=\"async\" class=\"wp-image-5495 avia-img-lazy-loading-not-5495\"  src=\"https:\/\/pasionporelcaballo.es\/wp-content\/uploads\/2021\/07\/cabezera3.jpg\" width=\"2048\" height=\"1264\" title='cabezera3' alt=''  itemprop=\"thumbnailUrl\" srcset=\"https:\/\/pasionporelcaballo.es\/wp-content\/uploads\/2021\/07\/cabezera3.jpg 2048w, https:\/\/pasionporelcaballo.es\/wp-content\/uploads\/2021\/07\/cabezera3-300x185.jpg 300w, https:\/\/pasionporelcaballo.es\/wp-content\/uploads\/2021\/07\/cabezera3-1030x636.jpg 1030w, https:\/\/pasionporelcaballo.es\/wp-content\/uploads\/2021\/07\/cabezera3-768x474.jpg 768w, https:\/\/pasionporelcaballo.es\/wp-content\/uploads\/2021\/07\/cabezera3-1536x948.jpg 1536w, https:\/\/pasionporelcaballo.es\/wp-content\/uploads\/2021\/07\/cabezera3-1500x926.jpg 1500w, https:\/\/pasionporelcaballo.es\/wp-content\/uploads\/2021\/07\/cabezera3-705x435.jpg 705w\" sizes=\"(max-width: 2048px) 100vw, 2048px\" \/><\/div><\/li><li  class=' slide-5 ' ><div data-rel='slideshow-2' class='avia-slide-wrap '   ><img decoding=\"async\" class=\"wp-image-5496 avia-img-lazy-loading-not-5496\"  src=\"https:\/\/pasionporelcaballo.es\/wp-content\/uploads\/2021\/07\/cabezera4.jpg\" width=\"2048\" height=\"1264\" title='cabezera4' alt=''  itemprop=\"thumbnailUrl\" srcset=\"https:\/\/pasionporelcaballo.es\/wp-content\/uploads\/2021\/07\/cabezera4.jpg 2048w, https:\/\/pasionporelcaballo.es\/wp-content\/uploads\/2021\/07\/cabezera4-300x185.jpg 300w, https:\/\/pasionporelcaballo.es\/wp-content\/uploads\/2021\/07\/cabezera4-1030x636.jpg 1030w, https:\/\/pasionporelcaballo.es\/wp-content\/uploads\/2021\/07\/cabezera4-768x474.jpg 768w, https:\/\/pasionporelcaballo.es\/wp-content\/uploads\/2021\/07\/cabezera4-1536x948.jpg 1536w, https:\/\/pasionporelcaballo.es\/wp-content\/uploads\/2021\/07\/cabezera4-1500x926.jpg 1500w, https:\/\/pasionporelcaballo.es\/wp-content\/uploads\/2021\/07\/cabezera4-705x435.jpg 705w\" sizes=\"(max-width: 2048px) 100vw, 2048px\" \/><\/div><\/li><li  class=' slide-6 ' ><div data-rel='slideshow-2' class='avia-slide-wrap '   ><img decoding=\"async\" class=\"wp-image-5498 avia-img-lazy-loading-not-5498\"  src=\"https:\/\/pasionporelcaballo.es\/wp-content\/uploads\/2021\/07\/cabezera5.jpg\" width=\"2048\" height=\"1264\" title='cabezera5' alt=''  itemprop=\"thumbnailUrl\" srcset=\"https:\/\/pasionporelcaballo.es\/wp-content\/uploads\/2021\/07\/cabezera5.jpg 2048w, https:\/\/pasionporelcaballo.es\/wp-content\/uploads\/2021\/07\/cabezera5-300x185.jpg 300w, https:\/\/pasionporelcaballo.es\/wp-content\/uploads\/2021\/07\/cabezera5-1030x636.jpg 1030w, https:\/\/pasionporelcaballo.es\/wp-content\/uploads\/2021\/07\/cabezera5-768x474.jpg 768w, https:\/\/pasionporelcaballo.es\/wp-content\/uploads\/2021\/07\/cabezera5-1536x948.jpg 1536w, https:\/\/pasionporelcaballo.es\/wp-content\/uploads\/2021\/07\/cabezera5-1500x926.jpg 1500w, https:\/\/pasionporelcaballo.es\/wp-content\/uploads\/2021\/07\/cabezera5-705x435.jpg 705w\" sizes=\"(max-width: 2048px) 100vw, 2048px\" \/><\/div><\/li><li  class=' slide-7 ' ><div data-rel='slideshow-2' class='avia-slide-wrap '   ><img decoding=\"async\" class=\"wp-image-5499 avia-img-lazy-loading-not-5499\"  src=\"https:\/\/pasionporelcaballo.es\/wp-content\/uploads\/2021\/07\/cabezera6.jpg\" width=\"2048\" height=\"1264\" title='cabezera6' alt=''  itemprop=\"thumbnailUrl\" srcset=\"https:\/\/pasionporelcaballo.es\/wp-content\/uploads\/2021\/07\/cabezera6.jpg 2048w, https:\/\/pasionporelcaballo.es\/wp-content\/uploads\/2021\/07\/cabezera6-300x185.jpg 300w, https:\/\/pasionporelcaballo.es\/wp-content\/uploads\/2021\/07\/cabezera6-1030x636.jpg 1030w, https:\/\/pasionporelcaballo.es\/wp-content\/uploads\/2021\/07\/cabezera6-768x474.jpg 768w, https:\/\/pasionporelcaballo.es\/wp-content\/uploads\/2021\/07\/cabezera6-1536x948.jpg 1536w, https:\/\/pasionporelcaballo.es\/wp-content\/uploads\/2021\/07\/cabezera6-1500x926.jpg 1500w, https:\/\/pasionporelcaballo.es\/wp-content\/uploads\/2021\/07\/cabezera6-705x435.jpg 705w\" sizes=\"(max-width: 2048px) 100vw, 2048px\" \/><\/div><\/li><li  class=' slide-8 ' ><div data-rel='slideshow-2' class='avia-slide-wrap '   ><img decoding=\"async\" class=\"wp-image-6866 avia-img-lazy-loading-not-6866\"  src=\"https:\/\/pasionporelcaballo.es\/wp-content\/uploads\/2022\/10\/Oliver-Lange-consigue-un-primer-puesto-en-doma-en-el-Campeonato-de-Espana-de-Enganche-2022-1.jpg\" width=\"900\" height=\"595\" title='Oliver Lange consigue un primer puesto en doma en el Campeonato de Espa\u00f1a de Enganche 2022' alt=''  itemprop=\"thumbnailUrl\" srcset=\"https:\/\/pasionporelcaballo.es\/wp-content\/uploads\/2022\/10\/Oliver-Lange-consigue-un-primer-puesto-en-doma-en-el-Campeonato-de-Espana-de-Enganche-2022-1.jpg 900w, https:\/\/pasionporelcaballo.es\/wp-content\/uploads\/2022\/10\/Oliver-Lange-consigue-un-primer-puesto-en-doma-en-el-Campeonato-de-Espana-de-Enganche-2022-1-300x198.jpg 300w, https:\/\/pasionporelcaballo.es\/wp-content\/uploads\/2022\/10\/Oliver-Lange-consigue-un-primer-puesto-en-doma-en-el-Campeonato-de-Espana-de-Enganche-2022-1-768x508.jpg 768w, https:\/\/pasionporelcaballo.es\/wp-content\/uploads\/2022\/10\/Oliver-Lange-consigue-un-primer-puesto-en-doma-en-el-Campeonato-de-Espana-de-Enganche-2022-1-705x466.jpg 705w\" sizes=\"(max-width: 900px) 100vw, 900px\" \/><\/div><\/li><\/ul><div class='avia-slideshow-arrows avia-slideshow-controls'><a href='#prev' tabindex='-1' class='prev-slide' aria-hidden='true' data-av_icon='\ue87c' data-av_iconfont='entypo-fontello'>Previous<\/a><a href='#next' tabindex='-1' class='next-slide' aria-hidden='true' data-av_icon='\ue87d' data-av_iconfont='entypo-fontello'>Next<\/a><\/div><div class='avia-slideshow-dots avia-slideshow-controls'><a href='#1' class='goto-slide active' >1<\/a><a href='#2' class='goto-slide ' >2<\/a><a href='#3' class='goto-slide ' >3<\/a><a href='#4' class='goto-slide ' >4<\/a><a href='#5' class='goto-slide ' >5<\/a><a href='#6' class='goto-slide ' >6<\/a><a href='#7' class='goto-slide ' >7<\/a><a href='#8' class='goto-slide ' >8<\/a><\/div><\/div><\/div>\n<div id='av_section_1'  class='avia-section main_color avia-section-small avia-no-border-styling  avia-bg-style-scroll  avia-builder-el-2  el_after_av_slideshow_full  el_before_av_section   av-mini-hide container_wrap fullsize' style='background-color: #333333;  '  ><div class='container' ><div class='template-page content  av-content-full alpha units'><div class='post-entry post-entry-type-page post-entry-4501'><div class='entry-content-wrapper clearfix'>\n<div class='flex_column_table av-equal-height-column-flextable -flextable' style='margin-top:0px; margin-bottom:0px; '><div class=\"flex_column av_one_full  no_margin flex_column_table_cell av-equal-height-column av-align-middle first  avia-builder-el-3  avia-builder-el-no-sibling  \" style='padding:0px 0px 0px 0px ; border-radius:0px; '><div  class='avia-image-container  av-styling-no-styling    avia-builder-el-4  avia-builder-el-no-sibling  avia-align-center '  itemprop=\"image\" itemscope=\"itemscope\" itemtype=\"https:\/\/schema.org\/ImageObject\"  ><div class='avia-image-container-inner'><div class='avia-image-overlay-wrap'><a href='https:\/\/www.facebook.com\/GuarnicioneriaCasaVidal' class='avia_image' target=\"_blank\" rel=\"noopener noreferrer\"><img decoding=\"async\" width=\"1450\" height=\"180\" class='wp-image-7886 avia-img-lazy-loading-not-7886 avia_image' src=\"https:\/\/pasionporelcaballo.es\/wp-content\/uploads\/2024\/02\/casa-vidal_2024.jpg\" alt='' title='casa vidal_2024'  itemprop=\"thumbnailUrl\" srcset=\"https:\/\/pasionporelcaballo.es\/wp-content\/uploads\/2024\/02\/casa-vidal_2024.jpg 1450w, https:\/\/pasionporelcaballo.es\/wp-content\/uploads\/2024\/02\/casa-vidal_2024-300x37.jpg 300w, https:\/\/pasionporelcaballo.es\/wp-content\/uploads\/2024\/02\/casa-vidal_2024-1030x128.jpg 1030w, https:\/\/pasionporelcaballo.es\/wp-content\/uploads\/2024\/02\/casa-vidal_2024-768x95.jpg 768w, https:\/\/pasionporelcaballo.es\/wp-content\/uploads\/2024\/02\/casa-vidal_2024-705x88.jpg 705w\" sizes=\"(max-width: 1450px) 100vw, 1450px\" \/><\/a><\/div><\/div><\/div><\/div><\/div><!--close column table wrapper. Autoclose: 1 -->\n\n<\/div><\/div><\/div><!-- close content main div --><\/div><\/div><div id='av_section_2'  class='avia-section main_color avia-section-small avia-no-border-styling  avia-bg-style-scroll  avia-builder-el-5  el_after_av_section  el_before_av_one_full   av-desktop-hide av-medium-hide av-small-hide container_wrap fullsize' style='background-color: #333333;  margin-top:0px; margin-bottom:-20px; '  ><div class='container' ><div class='template-page content  av-content-full alpha units'><div class='post-entry post-entry-type-page post-entry-4501'><div class='entry-content-wrapper clearfix'>\n<div class='flex_column_table av-equal-height-column-flextable -flextable' style='margin-top:0px; margin-bottom:0px; '><div class=\"flex_column av_one_full  no_margin flex_column_table_cell av-equal-height-column av-align-middle first  avia-builder-el-6  avia-builder-el-no-sibling  \" style='padding:0px 0px 0px 0px ; border-radius:0px; '><div  class='avia-image-container  av-styling-no-styling    avia-builder-el-7  avia-builder-el-no-sibling  avia-align-center '  itemprop=\"image\" itemscope=\"itemscope\" itemtype=\"https:\/\/schema.org\/ImageObject\"  ><div class='avia-image-container-inner'><div class='avia-image-overlay-wrap'><a href='https:\/\/www.facebook.com\/GuarnicioneriaCasaVidal' class='avia_image'  ><img decoding=\"async\" width=\"1450\" height=\"180\" class='wp-image-7886 avia-img-lazy-loading-not-7886 avia_image' src=\"https:\/\/pasionporelcaballo.es\/wp-content\/uploads\/2024\/02\/casa-vidal_2024.jpg\" alt='' title='casa vidal_2024'  itemprop=\"thumbnailUrl\" srcset=\"https:\/\/pasionporelcaballo.es\/wp-content\/uploads\/2024\/02\/casa-vidal_2024.jpg 1450w, https:\/\/pasionporelcaballo.es\/wp-content\/uploads\/2024\/02\/casa-vidal_2024-300x37.jpg 300w, https:\/\/pasionporelcaballo.es\/wp-content\/uploads\/2024\/02\/casa-vidal_2024-1030x128.jpg 1030w, https:\/\/pasionporelcaballo.es\/wp-content\/uploads\/2024\/02\/casa-vidal_2024-768x95.jpg 768w, https:\/\/pasionporelcaballo.es\/wp-content\/uploads\/2024\/02\/casa-vidal_2024-705x88.jpg 705w\" sizes=\"(max-width: 1450px) 100vw, 1450px\" \/><\/a><\/div><\/div><\/div><\/div><\/div><!--close column table wrapper. Autoclose: 1 -->\n<\/div><\/div><\/div><!-- close content main div --><\/div><\/div><div id='after_section_2'  class='main_color av_default_container_wrap container_wrap fullsize' style=' '  ><div class='container' ><div class='template-page content  av-content-full alpha units'><div class='post-entry post-entry-type-page post-entry-4501'><div class='entry-content-wrapper clearfix'>\n<div class=\"flex_column av_one_full  flex_column_div av-zero-column-padding first  avia-builder-el-8  el_after_av_section  el_before_av_section  avia-builder-el-no-sibling  \" style='margin-top:-50px; margin-bottom:-50px; border-radius:0px; '><p><div  style='padding-bottom:0px; margin-top: 10px; margin-bottom: -10px;' class='av-special-heading av-special-heading-h3  blockquote modern-quote modern-centered  avia-builder-el-9  el_before_av_blog  avia-builder-el-first  '><h3 class='av-special-heading-tag '  itemprop=\"headline\"  >LATEST NEWS<\/h3><div class='special-heading-border'><div class='special-heading-inner-border' ><\/div><\/div><\/div><br \/>\n<div   data-autoplay=''  data-interval='5'  data-animation='fade'  data-show_slide_delay='90'  class='avia-content-slider avia-content-grid-active avia-content-slider1 avia-content-slider-odd  avia-builder-el-10  el_after_av_heading  avia-builder-el-last  '  itemscope=\"itemscope\" itemtype=\"https:\/\/schema.org\/Blog\" ><div class='avia-content-slider-inner'><div class='slide-entry-wrap'><article class='slide-entry flex_column  post-entry post-entry-5659 slide-entry-overview slide-loop-1 slide-parity-odd  av_one_fifth first real-thumbnail post-format-standard'  itemscope=\"itemscope\" itemtype=\"https:\/\/schema.org\/CreativeWork\" ><a href='https:\/\/pasionporelcaballo.es\/en\/asencio-takes-the-grand-prix-special-with-focus-cdn-dos-lunas\/' data-rel='slide-1' class='slide-image' title='Asencio takes the Grand Prix Special with Focus &#8211; CDN*** Dos Lunas'><img decoding=\"async\" width=\"495\" height=\"400\" src=\"https:\/\/pasionporelcaballo.es\/wp-content\/uploads\/2021\/09\/image00003-495x400.jpeg\" class=\"wp-image-5656 avia-img-lazy-loading-not-5656 attachment-portfolio size-portfolio wp-post-image\" alt=\"\" srcset=\"https:\/\/pasionporelcaballo.es\/wp-content\/uploads\/2021\/09\/image00003-495x400.jpeg 495w, https:\/\/pasionporelcaballo.es\/wp-content\/uploads\/2021\/09\/image00003-845x684.jpeg 845w\" sizes=\"(max-width: 495px) 100vw, 495px\" \/><\/a><div class='slide-content'><header class=\"entry-content-header\"><span class=\"blog-categories minor-meta\"><a href=\"https:\/\/pasionporelcaballo.es\/en\/category\/news\/current-equestrian-news\/classical-dressage\/\" rel=\"tag\">Classical Dressage<\/a> <\/span><h3 class='slide-entry-title entry-title '  itemprop=\"headline\" ><a href='https:\/\/pasionporelcaballo.es\/en\/asencio-takes-the-grand-prix-special-with-focus-cdn-dos-lunas\/' title='Asencio takes the Grand Prix Special with Focus &#8211; CDN*** Dos Lunas'>Asencio takes the Grand Prix Special with Focus &#8211; CDN*** Dos Lunas<\/a><\/h3><span class=\"av-vertical-delimiter\"><\/span><\/header><div class='slide-entry-excerpt entry-content'  itemprop=\"text\" >\n\n\n\n<\/div><\/div><footer class=\"entry-footer\"><div class='slide-meta'><div class='slide-meta-comments'><a href='https:\/\/pasionporelcaballo.es\/en\/asencio-takes-the-grand-prix-special-with-focus-cdn-dos-lunas\/#respond'>0 Comments<\/a><\/div><div class='slide-meta-del'>\/<\/div><time class='slide-meta-time updated'  itemprop=\"datePublished\" datetime=\"2021-09-14T11:23:24+02:00\" >14\/09\/2021<\/time><\/div><\/footer><span class='hidden'>\n\t\t\t\t<span class='av-structured-data'  itemprop=\"image\" itemscope=\"itemscope\" itemtype=\"https:\/\/schema.org\/ImageObject\" >\n\t\t\t\t\t\t<span itemprop='url'>https:\/\/pasionporelcaballo.es\/wp-content\/uploads\/2021\/09\/image00003.jpeg<\/span>\n\t\t\t\t\t\t<span itemprop='height'>749<\/span>\n\t\t\t\t\t\t<span itemprop='width'>1000<\/span>\n\t\t\t\t<\/span>\n\t\t\t\t<span class='av-structured-data'  itemprop=\"publisher\" itemtype=\"https:\/\/schema.org\/Organization\" itemscope=\"itemscope\" >\n\t\t\t\t\t\t<span itemprop='name'>Pasi\u00f3n por el Caballo<\/span>\n\t\t\t\t\t\t<span itemprop='logo' itemscope itemtype='https:\/\/schema.org\/ImageObject'>\n\t\t\t\t\t\t\t<span itemprop='url'>https:\/\/pasionporelcaballo.es\/wp-content\/uploads\/2021\/03\/Pasion-por-el-Caballo.jpg<\/span>\n\t\t\t\t\t\t <\/span>\n\t\t\t\t<\/span><span class='av-structured-data'  itemprop=\"author\" itemscope=\"itemscope\" itemtype=\"https:\/\/schema.org\/Person\" ><span itemprop='name'>Pasi\u00f3n por el Caballo<\/span><\/span><span class='av-structured-data'  itemprop=\"datePublished\" datetime=\"2021-04-12T15:27:02+02:00\" >2021-09-14 11:23:24<\/span><span class='av-structured-data'  itemprop=\"dateModified\" itemtype=\"https:\/\/schema.org\/dateModified\" >2021-09-14 11:23:51<\/span><span class='av-structured-data'  itemprop=\"mainEntityOfPage\" itemtype=\"https:\/\/schema.org\/mainEntityOfPage\" ><span itemprop='name'>Asencio takes the Grand Prix Special with Focus &#8211; CDN*** Dos Lunas<\/span><\/span><\/span><\/article><article class='slide-entry flex_column  post-entry post-entry-5642 slide-entry-overview slide-loop-2 slide-parity-even  av_one_fifth  real-thumbnail post-format-standard'  itemscope=\"itemscope\" itemtype=\"https:\/\/schema.org\/CreativeWork\" ><a href='https:\/\/pasionporelcaballo.es\/en\/marques-de-riscal-wins-the-gold-cup\/' data-rel='slide-1' class='slide-image' title='Marqu\u00e9s de Riscal wins the Gold Cup'><img decoding=\"async\" width=\"495\" height=\"400\" src=\"https:\/\/pasionporelcaballo.es\/wp-content\/uploads\/2021\/09\/Marques-de-Riscal-Ganador-de-la-Copa-de-Oro-50-Aniversario-de-Alto-Handicap-Photo-Credit-MATIAS-CALLEJO-495x400.jpg\" class=\"wp-image-5635 avia-img-lazy-loading-not-5635 attachment-portfolio size-portfolio wp-post-image\" alt=\"\" srcset=\"https:\/\/pasionporelcaballo.es\/wp-content\/uploads\/2021\/09\/Marques-de-Riscal-Ganador-de-la-Copa-de-Oro-50-Aniversario-de-Alto-Handicap-Photo-Credit-MATIAS-CALLEJO-495x400.jpg 495w, https:\/\/pasionporelcaballo.es\/wp-content\/uploads\/2021\/09\/Marques-de-Riscal-Ganador-de-la-Copa-de-Oro-50-Aniversario-de-Alto-Handicap-Photo-Credit-MATIAS-CALLEJO-845x684.jpg 845w\" sizes=\"(max-width: 495px) 100vw, 495px\" \/><\/a><div class='slide-content'><header class=\"entry-content-header\"><span class=\"blog-categories minor-meta\"><a href=\"https:\/\/pasionporelcaballo.es\/en\/category\/news\/current-equestrian-news\/\" rel=\"tag\">Current Equestrian News<\/a> <\/span><h3 class='slide-entry-title entry-title '  itemprop=\"headline\" ><a href='https:\/\/pasionporelcaballo.es\/en\/marques-de-riscal-wins-the-gold-cup\/' title='Marqu\u00e9s de Riscal wins the Gold Cup'>Marqu\u00e9s de Riscal wins the Gold Cup<\/a><\/h3><span class=\"av-vertical-delimiter\"><\/span><\/header><div class='slide-entry-excerpt entry-content'  itemprop=\"text\" >\n\n\n\n<\/div><\/div><footer class=\"entry-footer\"><div class='slide-meta'><div class='slide-meta-comments'><a href='https:\/\/pasionporelcaballo.es\/en\/marques-de-riscal-wins-the-gold-cup\/#respond'>0 Comments<\/a><\/div><div class='slide-meta-del'>\/<\/div><time class='slide-meta-time updated'  itemprop=\"datePublished\" datetime=\"2021-09-08T10:12:49+02:00\" >08\/09\/2021<\/time><\/div><\/footer><span class='hidden'>\n\t\t\t\t<span class='av-structured-data'  itemprop=\"image\" itemscope=\"itemscope\" itemtype=\"https:\/\/schema.org\/ImageObject\" >\n\t\t\t\t\t\t<span itemprop='url'>https:\/\/pasionporelcaballo.es\/wp-content\/uploads\/2021\/09\/Marques-de-Riscal-Ganador-de-la-Copa-de-Oro-50-Aniversario-de-Alto-Handicap-Photo-Credit-MATIAS-CALLEJO.jpg<\/span>\n\t\t\t\t\t\t<span itemprop='height'>727<\/span>\n\t\t\t\t\t\t<span itemprop='width'>1000<\/span>\n\t\t\t\t<\/span>\n\t\t\t\t<span class='av-structured-data'  itemprop=\"publisher\" itemtype=\"https:\/\/schema.org\/Organization\" itemscope=\"itemscope\" >\n\t\t\t\t\t\t<span itemprop='name'>Pasi\u00f3n por el Caballo<\/span>\n\t\t\t\t\t\t<span itemprop='logo' itemscope itemtype='https:\/\/schema.org\/ImageObject'>\n\t\t\t\t\t\t\t<span itemprop='url'>https:\/\/pasionporelcaballo.es\/wp-content\/uploads\/2021\/03\/Pasion-por-el-Caballo.jpg<\/span>\n\t\t\t\t\t\t <\/span>\n\t\t\t\t<\/span><span class='av-structured-data'  itemprop=\"author\" itemscope=\"itemscope\" itemtype=\"https:\/\/schema.org\/Person\" ><span itemprop='name'>Pasi\u00f3n por el Caballo<\/span><\/span><span class='av-structured-data'  itemprop=\"datePublished\" datetime=\"2021-04-12T15:27:02+02:00\" >2021-09-08 10:12:49<\/span><span class='av-structured-data'  itemprop=\"dateModified\" itemtype=\"https:\/\/schema.org\/dateModified\" >2021-09-08 10:21:17<\/span><span class='av-structured-data'  itemprop=\"mainEntityOfPage\" itemtype=\"https:\/\/schema.org\/mainEntityOfPage\" ><span itemprop='name'>Marqu\u00e9s de Riscal wins the Gold Cup<\/span><\/span><\/span><\/article><article class='slide-entry flex_column  post-entry post-entry-5611 slide-entry-overview slide-loop-3 slide-parity-odd  av_one_fifth  real-thumbnail post-format-standard'  itemscope=\"itemscope\" itemtype=\"https:\/\/schema.org\/CreativeWork\" ><a href='https:\/\/pasionporelcaballo.es\/en\/carduelisur-offers-the-best-for-your-pet-at-the-best-price\/' data-rel='slide-1' class='slide-image' title='Carduelisur offers the best for your pet at the best price'><img decoding=\"async\" width=\"495\" height=\"400\" src=\"https:\/\/pasionporelcaballo.es\/wp-content\/uploads\/2021\/08\/IMG_3340-495x400.jpg\" class=\"wp-image-5608 avia-img-lazy-loading-not-5608 attachment-portfolio size-portfolio wp-post-image\" alt=\"Carduelisur ofrece lo mejor para su mascota al mejor precio\" \/><\/a><div class='slide-content'><header class=\"entry-content-header\"><span class=\"blog-categories minor-meta\"><a href=\"https:\/\/pasionporelcaballo.es\/en\/category\/news\/current-equestrian-news\/\" rel=\"tag\">Current Equestrian News<\/a> <\/span><h3 class='slide-entry-title entry-title '  itemprop=\"headline\" ><a href='https:\/\/pasionporelcaballo.es\/en\/carduelisur-offers-the-best-for-your-pet-at-the-best-price\/' title='Carduelisur offers the best for your pet at the best price'>Carduelisur offers the best for your pet at the best price<\/a><\/h3><span class=\"av-vertical-delimiter\"><\/span><\/header><div class='slide-entry-excerpt entry-content'  itemprop=\"text\" >\n\n\n\n<\/div><\/div><footer class=\"entry-footer\"><div class='slide-meta'><div class='slide-meta-comments'><a href='https:\/\/pasionporelcaballo.es\/en\/carduelisur-offers-the-best-for-your-pet-at-the-best-price\/#respond'>0 Comments<\/a><\/div><div class='slide-meta-del'>\/<\/div><time class='slide-meta-time updated'  itemprop=\"datePublished\" datetime=\"2021-08-31T09:58:12+02:00\" >31\/08\/2021<\/time><\/div><\/footer><span class='hidden'>\n\t\t\t\t<span class='av-structured-data'  itemprop=\"image\" itemscope=\"itemscope\" itemtype=\"https:\/\/schema.org\/ImageObject\" >\n\t\t\t\t\t\t<span itemprop='url'>https:\/\/pasionporelcaballo.es\/wp-content\/uploads\/2021\/08\/IMG_3340.jpg<\/span>\n\t\t\t\t\t\t<span itemprop='height'>666<\/span>\n\t\t\t\t\t\t<span itemprop='width'>1000<\/span>\n\t\t\t\t<\/span>\n\t\t\t\t<span class='av-structured-data'  itemprop=\"publisher\" itemtype=\"https:\/\/schema.org\/Organization\" itemscope=\"itemscope\" >\n\t\t\t\t\t\t<span itemprop='name'>Pasi\u00f3n por el Caballo<\/span>\n\t\t\t\t\t\t<span itemprop='logo' itemscope itemtype='https:\/\/schema.org\/ImageObject'>\n\t\t\t\t\t\t\t<span itemprop='url'>https:\/\/pasionporelcaballo.es\/wp-content\/uploads\/2021\/03\/Pasion-por-el-Caballo.jpg<\/span>\n\t\t\t\t\t\t <\/span>\n\t\t\t\t<\/span><span class='av-structured-data'  itemprop=\"author\" itemscope=\"itemscope\" itemtype=\"https:\/\/schema.org\/Person\" ><span itemprop='name'>Pasi\u00f3n por el Caballo<\/span><\/span><span class='av-structured-data'  itemprop=\"datePublished\" datetime=\"2021-04-12T15:27:02+02:00\" >2021-08-31 09:58:12<\/span><span class='av-structured-data'  itemprop=\"dateModified\" itemtype=\"https:\/\/schema.org\/dateModified\" >2021-08-31 09:58:39<\/span><span class='av-structured-data'  itemprop=\"mainEntityOfPage\" itemtype=\"https:\/\/schema.org\/mainEntityOfPage\" ><span itemprop='name'>Carduelisur offers the best for your pet at the best price<\/span><\/span><\/span><\/article><article class='slide-entry flex_column  post-entry post-entry-5600 slide-entry-overview slide-loop-4 slide-parity-even  av_one_fifth  real-thumbnail post-format-standard'  itemscope=\"itemscope\" itemtype=\"https:\/\/schema.org\/CreativeWork\" ><a href='https:\/\/pasionporelcaballo.es\/en\/we-dream-of-doing-well-representing-spain\/' data-rel='slide-1' class='slide-image' title='We dream of doing well representing Spain.'><img decoding=\"async\" width=\"495\" height=\"400\" src=\"https:\/\/pasionporelcaballo.es\/wp-content\/uploads\/2021\/08\/Monica-Martin-495x400.jpg\" class=\"wp-image-5588 avia-img-lazy-loading-not-5588 attachment-portfolio size-portfolio wp-post-image\" alt=\"\" srcset=\"https:\/\/pasionporelcaballo.es\/wp-content\/uploads\/2021\/08\/Monica-Martin-495x400.jpg 495w, https:\/\/pasionporelcaballo.es\/wp-content\/uploads\/2021\/08\/Monica-Martin-845x684.jpg 845w\" sizes=\"(max-width: 495px) 100vw, 495px\" \/><\/a><div class='slide-content'><header class=\"entry-content-header\"><span class=\"blog-categories minor-meta\"><a href=\"https:\/\/pasionporelcaballo.es\/en\/category\/interviews\/\" rel=\"tag\">Interviews<\/a> <\/span><h3 class='slide-entry-title entry-title '  itemprop=\"headline\" ><a href='https:\/\/pasionporelcaballo.es\/en\/we-dream-of-doing-well-representing-spain\/' title='We dream of doing well representing Spain.'>We dream of doing well representing Spain.<\/a><\/h3><span class=\"av-vertical-delimiter\"><\/span><\/header><div class='slide-entry-excerpt entry-content'  itemprop=\"text\" >\n\n\n\n\n\n\n\n\n\n\n\n\n\n<\/div><\/div><footer class=\"entry-footer\"><div class='slide-meta'><div class='slide-meta-comments'><a href='https:\/\/pasionporelcaballo.es\/en\/we-dream-of-doing-well-representing-spain\/#respond'>0 Comments<\/a><\/div><div class='slide-meta-del'>\/<\/div><time class='slide-meta-time updated'  itemprop=\"datePublished\" datetime=\"2021-08-27T11:35:55+02:00\" >27\/08\/2021<\/time><\/div><\/footer><span class='hidden'>\n\t\t\t\t<span class='av-structured-data'  itemprop=\"image\" itemscope=\"itemscope\" itemtype=\"https:\/\/schema.org\/ImageObject\" >\n\t\t\t\t\t\t<span itemprop='url'>https:\/\/pasionporelcaballo.es\/wp-content\/uploads\/2021\/08\/Monica-Martin.jpg<\/span>\n\t\t\t\t\t\t<span itemprop='height'>1654<\/span>\n\t\t\t\t\t\t<span itemprop='width'>2488<\/span>\n\t\t\t\t<\/span>\n\t\t\t\t<span class='av-structured-data'  itemprop=\"publisher\" itemtype=\"https:\/\/schema.org\/Organization\" itemscope=\"itemscope\" >\n\t\t\t\t\t\t<span itemprop='name'>Pasi\u00f3n por el Caballo<\/span>\n\t\t\t\t\t\t<span itemprop='logo' itemscope itemtype='https:\/\/schema.org\/ImageObject'>\n\t\t\t\t\t\t\t<span itemprop='url'>https:\/\/pasionporelcaballo.es\/wp-content\/uploads\/2021\/03\/Pasion-por-el-Caballo.jpg<\/span>\n\t\t\t\t\t\t <\/span>\n\t\t\t\t<\/span><span class='av-structured-data'  itemprop=\"author\" itemscope=\"itemscope\" itemtype=\"https:\/\/schema.org\/Person\" ><span itemprop='name'>Pasi\u00f3n por el Caballo<\/span><\/span><span class='av-structured-data'  itemprop=\"datePublished\" datetime=\"2021-04-12T15:27:02+02:00\" >2021-08-27 11:35:55<\/span><span class='av-structured-data'  itemprop=\"dateModified\" itemtype=\"https:\/\/schema.org\/dateModified\" >2021-08-31 09:58:47<\/span><span class='av-structured-data'  itemprop=\"mainEntityOfPage\" itemtype=\"https:\/\/schema.org\/mainEntityOfPage\" ><span itemprop='name'>We dream of doing well representing Spain.<\/span><\/span><\/span><\/article><article class='slide-entry flex_column  post-entry post-entry-5563 slide-entry-overview slide-loop-5 slide-parity-odd  av_one_fifth  real-thumbnail post-format-standard'  itemscope=\"itemscope\" itemtype=\"https:\/\/schema.org\/CreativeWork\" ><a href='https:\/\/pasionporelcaballo.es\/en\/daniel-martin-is-selected-with-malagueno\/' data-rel='slide-1' class='slide-image' title='Daniel Mart\u00edn is selected with Malague\u00f1o'><img decoding=\"async\" width=\"495\" height=\"400\" src=\"https:\/\/pasionporelcaballo.es\/wp-content\/uploads\/2021\/08\/Jose-Daniel-Martin-DockxMalagueno-LXXXIII-de-Francisco-Santiago-Ruiz-495x400.jpg\" class=\"wp-image-5561 avia-img-lazy-loading-not-5561 attachment-portfolio size-portfolio wp-post-image\" alt=\"Daniel Mart\u00edn es seleccionado con Malague\u00f1o\" srcset=\"https:\/\/pasionporelcaballo.es\/wp-content\/uploads\/2021\/08\/Jose-Daniel-Martin-DockxMalagueno-LXXXIII-de-Francisco-Santiago-Ruiz-495x400.jpg 495w, https:\/\/pasionporelcaballo.es\/wp-content\/uploads\/2021\/08\/Jose-Daniel-Martin-DockxMalagueno-LXXXIII-de-Francisco-Santiago-Ruiz-845x684.jpg 845w\" sizes=\"(max-width: 495px) 100vw, 495px\" \/><\/a><div class='slide-content'><header class=\"entry-content-header\"><span class=\"blog-categories minor-meta\"><a href=\"https:\/\/pasionporelcaballo.es\/en\/category\/news\/current-equestrian-news\/classical-dressage\/\" rel=\"tag\">Classical Dressage<\/a> <\/span><h3 class='slide-entry-title entry-title '  itemprop=\"headline\" ><a href='https:\/\/pasionporelcaballo.es\/en\/daniel-martin-is-selected-with-malagueno\/' title='Daniel Mart\u00edn is selected with Malague\u00f1o'>Daniel Mart\u00edn is selected with Malague\u00f1o<\/a><\/h3><span class=\"av-vertical-delimiter\"><\/span><\/header><div class='slide-entry-excerpt entry-content'  itemprop=\"text\" >\n\n\n\n\n\n<\/div><\/div><footer class=\"entry-footer\"><div class='slide-meta'><div class='slide-meta-comments'><a href='https:\/\/pasionporelcaballo.es\/en\/daniel-martin-is-selected-with-malagueno\/#respond'>0 Comments<\/a><\/div><div class='slide-meta-del'>\/<\/div><time class='slide-meta-time updated'  itemprop=\"datePublished\" datetime=\"2021-08-17T10:55:05+02:00\" >17\/08\/2021<\/time><\/div><\/footer><span class='hidden'>\n\t\t\t\t<span class='av-structured-data'  itemprop=\"image\" itemscope=\"itemscope\" itemtype=\"https:\/\/schema.org\/ImageObject\" >\n\t\t\t\t\t\t<span itemprop='url'>https:\/\/pasionporelcaballo.es\/wp-content\/uploads\/2021\/08\/Jose-Daniel-Martin-DockxMalagueno-LXXXIII-de-Francisco-Santiago-Ruiz.jpg<\/span>\n\t\t\t\t\t\t<span itemprop='height'>912<\/span>\n\t\t\t\t\t\t<span itemprop='width'>912<\/span>\n\t\t\t\t<\/span>\n\t\t\t\t<span class='av-structured-data'  itemprop=\"publisher\" itemtype=\"https:\/\/schema.org\/Organization\" itemscope=\"itemscope\" >\n\t\t\t\t\t\t<span itemprop='name'>Pasi\u00f3n por el Caballo<\/span>\n\t\t\t\t\t\t<span itemprop='logo' itemscope itemtype='https:\/\/schema.org\/ImageObject'>\n\t\t\t\t\t\t\t<span itemprop='url'>https:\/\/pasionporelcaballo.es\/wp-content\/uploads\/2021\/03\/Pasion-por-el-Caballo.jpg<\/span>\n\t\t\t\t\t\t <\/span>\n\t\t\t\t<\/span><span class='av-structured-data'  itemprop=\"author\" itemscope=\"itemscope\" itemtype=\"https:\/\/schema.org\/Person\" ><span itemprop='name'>Pasi\u00f3n por el Caballo<\/span><\/span><span class='av-structured-data'  itemprop=\"datePublished\" datetime=\"2021-04-12T15:27:02+02:00\" >2021-08-17 10:55:05<\/span><span class='av-structured-data'  itemprop=\"dateModified\" itemtype=\"https:\/\/schema.org\/dateModified\" >2021-08-17 10:56:08<\/span><span class='av-structured-data'  itemprop=\"mainEntityOfPage\" itemtype=\"https:\/\/schema.org\/mainEntityOfPage\" ><span itemprop='name'>Daniel Mart\u00edn is selected with Malague\u00f1o<\/span><\/span><\/span><\/article><article class='slide-entry flex_column  post-entry post-entry-5557 slide-entry-overview slide-loop-6 slide-parity-even  av_one_fifth  real-thumbnail post-format-standard'  itemscope=\"itemscope\" itemtype=\"https:\/\/schema.org\/CreativeWork\" ><a href='https:\/\/pasionporelcaballo.es\/en\/the-competition-in-gp-and-6-years-is-close\/' data-rel='slide-1' class='slide-image' title='The competition in GP and 6 years is close'><img decoding=\"async\" width=\"495\" height=\"400\" src=\"https:\/\/pasionporelcaballo.es\/wp-content\/uploads\/2021\/08\/Daniel-Martin-Dockx-buena-495x400.jpg\" class=\"wp-image-5551 avia-img-lazy-loading-not-5551 attachment-portfolio size-portfolio wp-post-image\" alt=\"La competici\u00f3n en GP y 6 a\u00f1os est\u00e1 re\u00f1ida\" srcset=\"https:\/\/pasionporelcaballo.es\/wp-content\/uploads\/2021\/08\/Daniel-Martin-Dockx-buena-495x400.jpg 495w, https:\/\/pasionporelcaballo.es\/wp-content\/uploads\/2021\/08\/Daniel-Martin-Dockx-buena-845x684.jpg 845w\" sizes=\"(max-width: 495px) 100vw, 495px\" \/><\/a><div class='slide-content'><header class=\"entry-content-header\"><span class=\"blog-categories minor-meta\"><a href=\"https:\/\/pasionporelcaballo.es\/en\/category\/events-competitions\/sicab-en\/\" rel=\"tag\">Sicab<\/a> <\/span><h3 class='slide-entry-title entry-title '  itemprop=\"headline\" ><a href='https:\/\/pasionporelcaballo.es\/en\/the-competition-in-gp-and-6-years-is-close\/' title='The competition in GP and 6 years is close'>The competition in GP and 6 years is close<\/a><\/h3><span class=\"av-vertical-delimiter\"><\/span><\/header><div class='slide-entry-excerpt entry-content'  itemprop=\"text\" >\n\n\n\n\n\n<\/div><\/div><footer class=\"entry-footer\"><div class='slide-meta'><div class='slide-meta-comments'><a href='https:\/\/pasionporelcaballo.es\/en\/the-competition-in-gp-and-6-years-is-close\/#respond'>0 Comments<\/a><\/div><div class='slide-meta-del'>\/<\/div><time class='slide-meta-time updated'  itemprop=\"datePublished\" datetime=\"2021-08-13T09:56:19+02:00\" >13\/08\/2021<\/time><\/div><\/footer><span class='hidden'>\n\t\t\t\t<span class='av-structured-data'  itemprop=\"image\" itemscope=\"itemscope\" itemtype=\"https:\/\/schema.org\/ImageObject\" >\n\t\t\t\t\t\t<span itemprop='url'>https:\/\/pasionporelcaballo.es\/wp-content\/uploads\/2021\/08\/Daniel-Martin-Dockx-buena-scaled.jpg<\/span>\n\t\t\t\t\t\t<span itemprop='height'>2560<\/span>\n\t\t\t\t\t\t<span itemprop='width'>1707<\/span>\n\t\t\t\t<\/span>\n\t\t\t\t<span class='av-structured-data'  itemprop=\"publisher\" itemtype=\"https:\/\/schema.org\/Organization\" itemscope=\"itemscope\" >\n\t\t\t\t\t\t<span itemprop='name'>Pasi\u00f3n por el Caballo<\/span>\n\t\t\t\t\t\t<span itemprop='logo' itemscope itemtype='https:\/\/schema.org\/ImageObject'>\n\t\t\t\t\t\t\t<span itemprop='url'>https:\/\/pasionporelcaballo.es\/wp-content\/uploads\/2021\/03\/Pasion-por-el-Caballo.jpg<\/span>\n\t\t\t\t\t\t <\/span>\n\t\t\t\t<\/span><span class='av-structured-data'  itemprop=\"author\" itemscope=\"itemscope\" itemtype=\"https:\/\/schema.org\/Person\" ><span itemprop='name'>Pasi\u00f3n por el Caballo<\/span><\/span><span class='av-structured-data'  itemprop=\"datePublished\" datetime=\"2021-04-12T15:27:02+02:00\" >2021-08-13 09:56:19<\/span><span class='av-structured-data'  itemprop=\"dateModified\" itemtype=\"https:\/\/schema.org\/dateModified\" >2021-08-13 10:01:00<\/span><span class='av-structured-data'  itemprop=\"mainEntityOfPage\" itemtype=\"https:\/\/schema.org\/mainEntityOfPage\" ><span itemprop='name'>The competition in GP and 6 years is close<\/span><\/span><\/span><\/article><article class='slide-entry flex_column  post-entry post-entry-5555 slide-entry-overview slide-loop-7 slide-parity-odd  post-entry-last  av_one_fifth  real-thumbnail post-format-standard'  itemscope=\"itemscope\" itemtype=\"https:\/\/schema.org\/CreativeWork\" ><a href='https:\/\/pasionporelcaballo.es\/en\/cristina-duran-wins-the-gps-with-jareno-de-povedano-cdn-los-albardones\/' data-rel='slide-1' class='slide-image' title='Cristina Dur\u00e1n wins the GPS with Jare\u00f1o de Povedano &#8211; CDN *** Los Albardones'><img decoding=\"async\" width=\"495\" height=\"400\" src=\"https:\/\/pasionporelcaballo.es\/wp-content\/uploads\/2021\/08\/Cristina-Duran-495x400.jpg\" class=\"wp-image-5544 avia-img-lazy-loading-not-5544 attachment-portfolio size-portfolio wp-post-image\" alt=\"Cristina Dur\u00e1n gana el GPS con Jare\u00f1o de Povedano\" \/><\/a><div class='slide-content'><header class=\"entry-content-header\"><span class=\"blog-categories minor-meta\"><a href=\"https:\/\/pasionporelcaballo.es\/en\/category\/news\/current-equestrian-news\/classical-dressage\/\" rel=\"tag\">Classical Dressage<\/a> <\/span><h3 class='slide-entry-title entry-title '  itemprop=\"headline\" ><a href='https:\/\/pasionporelcaballo.es\/en\/cristina-duran-wins-the-gps-with-jareno-de-povedano-cdn-los-albardones\/' title='Cristina Dur\u00e1n wins the GPS with Jare\u00f1o de Povedano &#8211; CDN *** Los Albardones'>Cristina Dur\u00e1n wins the GPS with Jare\u00f1o de Povedano &#8211; CDN *** Los Albardones<\/a><\/h3><span class=\"av-vertical-delimiter\"><\/span><\/header><div class='slide-entry-excerpt entry-content'  itemprop=\"text\" >\n\n\n\n\n\n<\/div><\/div><footer class=\"entry-footer\"><div class='slide-meta'><div class='slide-meta-comments'><a href='https:\/\/pasionporelcaballo.es\/en\/cristina-duran-wins-the-gps-with-jareno-de-povedano-cdn-los-albardones\/#respond'>0 Comments<\/a><\/div><div class='slide-meta-del'>\/<\/div><time class='slide-meta-time updated'  itemprop=\"datePublished\" datetime=\"2021-07-29T09:37:45+02:00\" >29\/07\/2021<\/time><\/div><\/footer><span class='hidden'>\n\t\t\t\t<span class='av-structured-data'  itemprop=\"image\" itemscope=\"itemscope\" itemtype=\"https:\/\/schema.org\/ImageObject\" >\n\t\t\t\t\t\t<span itemprop='url'>https:\/\/pasionporelcaballo.es\/wp-content\/uploads\/2021\/08\/Cristina-Duran.jpg<\/span>\n\t\t\t\t\t\t<span itemprop='height'>720<\/span>\n\t\t\t\t\t\t<span itemprop='width'>720<\/span>\n\t\t\t\t<\/span>\n\t\t\t\t<span class='av-structured-data'  itemprop=\"publisher\" itemtype=\"https:\/\/schema.org\/Organization\" itemscope=\"itemscope\" >\n\t\t\t\t\t\t<span itemprop='name'>Pasi\u00f3n por el Caballo<\/span>\n\t\t\t\t\t\t<span itemprop='logo' itemscope itemtype='https:\/\/schema.org\/ImageObject'>\n\t\t\t\t\t\t\t<span itemprop='url'>https:\/\/pasionporelcaballo.es\/wp-content\/uploads\/2021\/03\/Pasion-por-el-Caballo.jpg<\/span>\n\t\t\t\t\t\t <\/span>\n\t\t\t\t<\/span><span class='av-structured-data'  itemprop=\"author\" itemscope=\"itemscope\" itemtype=\"https:\/\/schema.org\/Person\" ><span itemprop='name'>Pasi\u00f3n por el Caballo<\/span><\/span><span class='av-structured-data'  itemprop=\"datePublished\" datetime=\"2021-04-12T15:27:02+02:00\" >2021-07-29 09:37:45<\/span><span class='av-structured-data'  itemprop=\"dateModified\" itemtype=\"https:\/\/schema.org\/dateModified\" >2021-08-13 10:01:21<\/span><span class='av-structured-data'  itemprop=\"mainEntityOfPage\" itemtype=\"https:\/\/schema.org\/mainEntityOfPage\" ><span itemprop='name'>Cristina Dur\u00e1n wins the GPS with Jare\u00f1o de Povedano &#8211; CDN *** Los Albardones<\/span><\/span><\/span><\/article><\/div><\/div><div class='pagination-wrap pagination-slider'><nav class='pagination'><span class='pagination-meta'>Page 1 of 7<\/span><span class='current'>1<\/span><a href='https:\/\/pasionporelcaballo.es\/en\/wp-json\/wp\/v2\/pages\/4501\/?avia-element-paging=2' class='inactive next_page' >2<\/a><a href='https:\/\/pasionporelcaballo.es\/en\/wp-json\/wp\/v2\/pages\/4501\/?avia-element-paging=3' class='inactive' >3<\/a><a href='https:\/\/pasionporelcaballo.es\/en\/wp-json\/wp\/v2\/pages\/4501\/?avia-element-paging=2'>&rsaquo;<\/a><a href='https:\/\/pasionporelcaballo.es\/en\/wp-json\/wp\/v2\/pages\/4501\/?avia-element-paging=7'>&raquo;<\/a><\/nav>\n<\/div><\/div><\/p><\/div>\n<\/div><\/div><\/div><!-- close content main div --><\/div><\/div><div id='av_section_3'  class='avia-section main_color avia-section-small avia-no-border-styling  avia-bg-style-scroll  avia-builder-el-11  el_after_av_one_full  el_before_av_section   av-mini-hide container_wrap fullsize' style='background-color: #ededed;  margin-top:0px; margin-bottom:-20px; '  ><div class='container' ><div class='template-page content  av-content-full alpha units'><div class='post-entry post-entry-type-page post-entry-4501'><div class='entry-content-wrapper clearfix'>\n<div class=\"flex_column av_one_full  flex_column_div av-zero-column-padding first  avia-builder-el-12  el_before_av_horizontal_gallery  avia-builder-el-no-sibling  \" style='border-radius:0px; '><div  style='padding-bottom:0px; margin-top: 5px; margin-bottom: 20px;' class='av-special-heading av-special-heading-h3  blockquote modern-quote modern-centered  avia-builder-el-13  avia-builder-el-no-sibling  '><h3 class='av-special-heading-tag '  itemprop=\"headline\"  >PUBLISHED MAGAZINES<\/h3><div class='special-heading-border'><div class='special-heading-inner-border' ><\/div><\/div><\/div><\/div><div  class='av-horizontal-gallery av-horizontal-gallery-large-gap av-horizontal-gallery-enlarge-effect av-horizontal-gallery-1  avia-builder-el-14  el_after_av_one_full  avia-builder-el-last  av-control-default '  itemprop=\"image\" itemscope=\"itemscope\" itemtype=\"https:\/\/schema.org\/ImageObject\"  style='padding: 3.75% 0px;' data-av-enlarge='1.3'  ><div class='avia-slideshow-arrows avia-slideshow-controls'><a href='#prev' class='prev-slide av-horizontal-gallery-prev' aria-hidden='true' data-av_icon='\ue87c' data-av_iconfont='entypo-fontello'>Previous<\/a><a href='#next' class='next-slide av-horizontal-gallery-next' aria-hidden='true' data-av_icon='\ue87d' data-av_iconfont='entypo-fontello'>Next <\/a><\/div><div class='av-horizontal-gallery-inner' style='padding-bottom:25%' data-av-height='25'><div class='av-horizontal-gallery-slider'><div class='av-horizontal-gallery-wrap noHover'><a href=\"https:\/\/pasionporelcaballo.es\/wp-content\/uploads\/2021\/10\/revista_2021_media.pdf\" target=\"_blank\" rel=\"noopener noreferrer\"><img decoding=\"async\" class='wp-image-5668 avia-img-lazy-loading-not-5668 av-horizontal-gallery-img' width=\"729\" height=\"1030\" src=\"https:\/\/pasionporelcaballo.es\/wp-content\/uploads\/2021\/10\/pasion-por-el-caballo-729x1030.jpg\" title='Click to show details - Pasi\u00f3n por el Caballo 2021' alt='Pasi\u00f3n por el Caballo 2021' srcset=\"https:\/\/pasionporelcaballo.es\/wp-content\/uploads\/2021\/10\/pasion-por-el-caballo-729x1030.jpg 729w, https:\/\/pasionporelcaballo.es\/wp-content\/uploads\/2021\/10\/pasion-por-el-caballo-212x300.jpg 212w, https:\/\/pasionporelcaballo.es\/wp-content\/uploads\/2021\/10\/pasion-por-el-caballo-768x1085.jpg 768w, https:\/\/pasionporelcaballo.es\/wp-content\/uploads\/2021\/10\/pasion-por-el-caballo-499x705.jpg 499w, https:\/\/pasionporelcaballo.es\/wp-content\/uploads\/2021\/10\/pasion-por-el-caballo-160x226.jpg 160w, https:\/\/pasionporelcaballo.es\/wp-content\/uploads\/2021\/10\/pasion-por-el-caballo.jpg 905w\" sizes=\"(max-width: 729px) 100vw, 729px\" \/><\/a><\/div><div class='av-horizontal-gallery-wrap noHover'><a href=\"https:\/\/pasionporelcaballo.es\/wp-content\/uploads\/2021\/05\/revista_2020.pdf\" target=\"_blank\" rel=\"noopener noreferrer\"><img decoding=\"async\" class='wp-image-4742 avia-img-lazy-loading-not-4742 av-horizontal-gallery-img' width=\"620\" height=\"877\" src=\"https:\/\/pasionporelcaballo.es\/wp-content\/uploads\/2021\/05\/portada_2020.jpg\" title='Click to show details - Pasi\u00f3n por el Caballo 2020' alt='' srcset=\"https:\/\/pasionporelcaballo.es\/wp-content\/uploads\/2021\/05\/portada_2020.jpg 620w, https:\/\/pasionporelcaballo.es\/wp-content\/uploads\/2021\/05\/portada_2020-212x300.jpg 212w, https:\/\/pasionporelcaballo.es\/wp-content\/uploads\/2021\/05\/portada_2020-498x705.jpg 498w, https:\/\/pasionporelcaballo.es\/wp-content\/uploads\/2021\/05\/portada_2020-160x226.jpg 160w\" sizes=\"(max-width: 620px) 100vw, 620px\" \/><\/a><\/div><div class='av-horizontal-gallery-wrap noHover'><a href=\"https:\/\/pasionporelcaballo.es\/wp-content\/uploads\/2021\/05\/revista_2019.pdf\" target=\"_blank\" rel=\"noopener noreferrer\"><img decoding=\"async\" class='wp-image-5146 avia-img-lazy-loading-not-5146 av-horizontal-gallery-img' width=\"620\" height=\"877\" src=\"https:\/\/pasionporelcaballo.es\/wp-content\/uploads\/2021\/06\/portada_2019.jpg\" title='Click to show details - portada_2019' alt='' srcset=\"https:\/\/pasionporelcaballo.es\/wp-content\/uploads\/2021\/06\/portada_2019.jpg 620w, https:\/\/pasionporelcaballo.es\/wp-content\/uploads\/2021\/06\/portada_2019-212x300.jpg 212w, https:\/\/pasionporelcaballo.es\/wp-content\/uploads\/2021\/06\/portada_2019-498x705.jpg 498w, https:\/\/pasionporelcaballo.es\/wp-content\/uploads\/2021\/06\/portada_2019-160x226.jpg 160w\" sizes=\"(max-width: 620px) 100vw, 620px\" \/><\/a><\/div><div class='av-horizontal-gallery-wrap noHover'><a href=\"https:\/\/pasionporelcaballo.es\/wp-content\/uploads\/2021\/05\/revista_2018.pdf\" target=\"_blank\" rel=\"noopener noreferrer\"><img decoding=\"async\" class='wp-image-5145 avia-img-lazy-loading-not-5145 av-horizontal-gallery-img' width=\"620\" height=\"877\" src=\"https:\/\/pasionporelcaballo.es\/wp-content\/uploads\/2021\/06\/portada_2018.jpg\" title='Click to show details - portada_2018' alt='' srcset=\"https:\/\/pasionporelcaballo.es\/wp-content\/uploads\/2021\/06\/portada_2018.jpg 620w, https:\/\/pasionporelcaballo.es\/wp-content\/uploads\/2021\/06\/portada_2018-212x300.jpg 212w, https:\/\/pasionporelcaballo.es\/wp-content\/uploads\/2021\/06\/portada_2018-498x705.jpg 498w, https:\/\/pasionporelcaballo.es\/wp-content\/uploads\/2021\/06\/portada_2018-160x226.jpg 160w\" sizes=\"(max-width: 620px) 100vw, 620px\" \/><\/a><\/div><div class='av-horizontal-gallery-wrap noHover'><a href=\"https:\/\/pasionporelcaballo.es\/wp-content\/uploads\/2021\/05\/revista_2017.pdf\" target=\"_blank\" rel=\"noopener noreferrer\"><img decoding=\"async\" class='wp-image-5144 avia-img-lazy-loading-not-5144 av-horizontal-gallery-img' width=\"620\" height=\"877\" src=\"https:\/\/pasionporelcaballo.es\/wp-content\/uploads\/2021\/06\/portada_2017.jpg\" title='Click to show details - portada_2017' alt='' srcset=\"https:\/\/pasionporelcaballo.es\/wp-content\/uploads\/2021\/06\/portada_2017.jpg 620w, https:\/\/pasionporelcaballo.es\/wp-content\/uploads\/2021\/06\/portada_2017-212x300.jpg 212w, https:\/\/pasionporelcaballo.es\/wp-content\/uploads\/2021\/06\/portada_2017-498x705.jpg 498w, https:\/\/pasionporelcaballo.es\/wp-content\/uploads\/2021\/06\/portada_2017-160x226.jpg 160w\" sizes=\"(max-width: 620px) 100vw, 620px\" \/><\/a><\/div><div class='av-horizontal-gallery-wrap noHover'><a href=\"https:\/\/pasionporelcaballo.es\/wp-content\/uploads\/2021\/05\/revista_2016_2.pdf\" target=\"_blank\" rel=\"noopener noreferrer\"><img decoding=\"async\" class='wp-image-5143 avia-img-lazy-loading-not-5143 av-horizontal-gallery-img' width=\"620\" height=\"877\" src=\"https:\/\/pasionporelcaballo.es\/wp-content\/uploads\/2021\/06\/portada_2016.jpg\" title='Click to show details - portada_2016' alt='' srcset=\"https:\/\/pasionporelcaballo.es\/wp-content\/uploads\/2021\/06\/portada_2016.jpg 620w, https:\/\/pasionporelcaballo.es\/wp-content\/uploads\/2021\/06\/portada_2016-212x300.jpg 212w, https:\/\/pasionporelcaballo.es\/wp-content\/uploads\/2021\/06\/portada_2016-498x705.jpg 498w, https:\/\/pasionporelcaballo.es\/wp-content\/uploads\/2021\/06\/portada_2016-160x226.jpg 160w\" sizes=\"(max-width: 620px) 100vw, 620px\" \/><\/a><\/div><div class='av-horizontal-gallery-wrap noHover'><a href=\"https:\/\/pasionporelcaballo.es\/wp-content\/uploads\/2021\/06\/Revista-N4-Pena-Caballista-Sol-de-Fuengirola.pdf\" target=\"_blank\" rel=\"noopener noreferrer\"><img decoding=\"async\" class='wp-image-5205 avia-img-lazy-loading-not-5205 av-horizontal-gallery-img' width=\"620\" height=\"877\" src=\"https:\/\/pasionporelcaballo.es\/wp-content\/uploads\/2021\/06\/revista_pena_caballista4.jpg\" title='Click to show details - revista_pena_caballista4' alt='' srcset=\"https:\/\/pasionporelcaballo.es\/wp-content\/uploads\/2021\/06\/revista_pena_caballista4.jpg 620w, https:\/\/pasionporelcaballo.es\/wp-content\/uploads\/2021\/06\/revista_pena_caballista4-212x300.jpg 212w, https:\/\/pasionporelcaballo.es\/wp-content\/uploads\/2021\/06\/revista_pena_caballista4-498x705.jpg 498w, https:\/\/pasionporelcaballo.es\/wp-content\/uploads\/2021\/06\/revista_pena_caballista4-160x226.jpg 160w\" sizes=\"(max-width: 620px) 100vw, 620px\" \/><\/a><\/div><div class='av-horizontal-gallery-wrap noHover'><a href=\"https:\/\/pasionporelcaballo.es\/wp-content\/uploads\/2021\/06\/Revista-N3-Pena-Caballista-Sol-de-Fuengirola.pdf\" target=\"_blank\" rel=\"noopener noreferrer\"><img decoding=\"async\" class='wp-image-5149 avia-img-lazy-loading-not-5149 av-horizontal-gallery-img' width=\"620\" height=\"877\" src=\"https:\/\/pasionporelcaballo.es\/wp-content\/uploads\/2021\/06\/revista_pena_caballista3.jpg\" title='Click to show details - revista_pena_caballista3' alt='' srcset=\"https:\/\/pasionporelcaballo.es\/wp-content\/uploads\/2021\/06\/revista_pena_caballista3.jpg 620w, https:\/\/pasionporelcaballo.es\/wp-content\/uploads\/2021\/06\/revista_pena_caballista3-212x300.jpg 212w, https:\/\/pasionporelcaballo.es\/wp-content\/uploads\/2021\/06\/revista_pena_caballista3-498x705.jpg 498w, https:\/\/pasionporelcaballo.es\/wp-content\/uploads\/2021\/06\/revista_pena_caballista3-160x226.jpg 160w\" sizes=\"(max-width: 620px) 100vw, 620px\" \/><\/a><\/div><div class='av-horizontal-gallery-wrap noHover'><a href=\"https:\/\/pasionporelcaballo.es\/wp-content\/uploads\/2021\/06\/Revista-N2-Pena-Caballista-Sol-de-Fuengirola.pdf\" target=\"_blank\" rel=\"noopener noreferrer\"><img decoding=\"async\" class='wp-image-5148 avia-img-lazy-loading-not-5148 av-horizontal-gallery-img' width=\"620\" height=\"877\" src=\"https:\/\/pasionporelcaballo.es\/wp-content\/uploads\/2021\/06\/revista_pena_caballista2.jpg\" title='Click to show details - revista_pena_caballista2' alt='' srcset=\"https:\/\/pasionporelcaballo.es\/wp-content\/uploads\/2021\/06\/revista_pena_caballista2.jpg 620w, https:\/\/pasionporelcaballo.es\/wp-content\/uploads\/2021\/06\/revista_pena_caballista2-212x300.jpg 212w, https:\/\/pasionporelcaballo.es\/wp-content\/uploads\/2021\/06\/revista_pena_caballista2-498x705.jpg 498w, https:\/\/pasionporelcaballo.es\/wp-content\/uploads\/2021\/06\/revista_pena_caballista2-160x226.jpg 160w\" sizes=\"(max-width: 620px) 100vw, 620px\" \/><\/a><\/div><div class='av-horizontal-gallery-wrap noHover'><a href=\"https:\/\/pasionporelcaballo.es\/wp-content\/uploads\/2021\/06\/Revista-N1-Pena-Caballista-Sol-de-Fuengirola.pdf\" target=\"_blank\" rel=\"noopener noreferrer\"><img decoding=\"async\" class='wp-image-5147 avia-img-lazy-loading-not-5147 av-horizontal-gallery-img' width=\"620\" height=\"877\" src=\"https:\/\/pasionporelcaballo.es\/wp-content\/uploads\/2021\/06\/revista_pena_caballista1.jpg\" title='Click to show details - revista_pena_caballista1' alt='' srcset=\"https:\/\/pasionporelcaballo.es\/wp-content\/uploads\/2021\/06\/revista_pena_caballista1.jpg 620w, https:\/\/pasionporelcaballo.es\/wp-content\/uploads\/2021\/06\/revista_pena_caballista1-212x300.jpg 212w, https:\/\/pasionporelcaballo.es\/wp-content\/uploads\/2021\/06\/revista_pena_caballista1-498x705.jpg 498w, https:\/\/pasionporelcaballo.es\/wp-content\/uploads\/2021\/06\/revista_pena_caballista1-160x226.jpg 160w\" sizes=\"(max-width: 620px) 100vw, 620px\" \/><\/a><\/div><\/div><\/div><\/div>\n\n<\/div><\/div><\/div><!-- close content main div --><\/div><\/div><div id='av_section_4'  class='avia-section main_color avia-section-small avia-no-border-styling  avia-bg-style-scroll  avia-builder-el-15  el_after_av_section  el_before_av_section   av-desktop-hide av-medium-hide av-small-hide container_wrap fullsize' style='background-color: #ededed;  margin-top:0px; margin-bottom:-10px; '  ><div class='container' ><div class='template-page content  av-content-full alpha units'><div class='post-entry post-entry-type-page post-entry-4501'><div class='entry-content-wrapper clearfix'>\n<div class=\"flex_column av_one_full  flex_column_div av-zero-column-padding first  avia-builder-el-16  avia-builder-el-no-sibling  \" style='margin-top:0px; margin-bottom:0px; border-radius:0px; '><p><div  style='padding-bottom:0px; margin-top: -5px; margin-bottom: 15px;' class='av-special-heading av-special-heading-h3  blockquote modern-quote modern-centered  avia-builder-el-17  el_before_av_horizontal_gallery  avia-builder-el-no-sibling  '><h3 class='av-special-heading-tag '  itemprop=\"headline\"  >PUBLISHED MAGAZINES<\/h3><div class='special-heading-border'><div class='special-heading-inner-border' ><\/div><\/div><\/div><br \/>\n<div  class='av-horizontal-gallery av-horizontal-gallery-1px-gap av-horizontal-gallery--effect av-horizontal-gallery-2  avia-builder-el-18  el_after_av_heading  avia-builder-el-last  av-control-default '  itemprop=\"image\" itemscope=\"itemscope\" itemtype=\"https:\/\/schema.org\/ImageObject\"   ><div class='avia-slideshow-arrows avia-slideshow-controls'><a href='#prev' class='prev-slide av-horizontal-gallery-prev' aria-hidden='true' data-av_icon='\ue87c' data-av_iconfont='entypo-fontello'>Previous<\/a><a href='#next' class='next-slide av-horizontal-gallery-next' aria-hidden='true' data-av_icon='\ue87d' data-av_iconfont='entypo-fontello'>Next <\/a><\/div><div class='av-horizontal-gallery-inner' style='padding-bottom:25%' data-av-height='25'><div class='av-horizontal-gallery-slider'><div class='av-horizontal-gallery-wrap noHover'><a href=\"https:\/\/pasionporelcaballo.es\/wp-content\/uploads\/2021\/10\/revista_2021_media.pdf\" target=\"_blank\" rel=\"noopener noreferrer\"><img decoding=\"async\" class='wp-image-5668 avia-img-lazy-loading-not-5668 av-horizontal-gallery-img' width=\"160\" height=\"226\" src=\"https:\/\/pasionporelcaballo.es\/wp-content\/uploads\/2021\/10\/pasion-por-el-caballo-160x226.jpg\" title='Click to show details - Pasi\u00f3n por el Caballo 2021' alt='Pasi\u00f3n por el Caballo 2021' srcset=\"https:\/\/pasionporelcaballo.es\/wp-content\/uploads\/2021\/10\/pasion-por-el-caballo-160x226.jpg 160w, https:\/\/pasionporelcaballo.es\/wp-content\/uploads\/2021\/10\/pasion-por-el-caballo-212x300.jpg 212w, https:\/\/pasionporelcaballo.es\/wp-content\/uploads\/2021\/10\/pasion-por-el-caballo-729x1030.jpg 729w, https:\/\/pasionporelcaballo.es\/wp-content\/uploads\/2021\/10\/pasion-por-el-caballo-768x1085.jpg 768w, https:\/\/pasionporelcaballo.es\/wp-content\/uploads\/2021\/10\/pasion-por-el-caballo-499x705.jpg 499w, https:\/\/pasionporelcaballo.es\/wp-content\/uploads\/2021\/10\/pasion-por-el-caballo.jpg 905w\" sizes=\"(max-width: 160px) 100vw, 160px\" \/><\/a><\/div><div class='av-horizontal-gallery-wrap noHover'><a href=\"https:\/\/pasionporelcaballo.es\/wp-content\/uploads\/2021\/05\/revista_2020.pdf\" target=\"_blank\" rel=\"noopener noreferrer\"><img decoding=\"async\" class='wp-image-4742 avia-img-lazy-loading-not-4742 av-horizontal-gallery-img' width=\"160\" height=\"226\" src=\"https:\/\/pasionporelcaballo.es\/wp-content\/uploads\/2021\/05\/portada_2020-160x226.jpg\" title='Click to show details - Pasi\u00f3n por el Caballo 2020' alt='' srcset=\"https:\/\/pasionporelcaballo.es\/wp-content\/uploads\/2021\/05\/portada_2020-160x226.jpg 160w, https:\/\/pasionporelcaballo.es\/wp-content\/uploads\/2021\/05\/portada_2020-212x300.jpg 212w, https:\/\/pasionporelcaballo.es\/wp-content\/uploads\/2021\/05\/portada_2020-498x705.jpg 498w, https:\/\/pasionporelcaballo.es\/wp-content\/uploads\/2021\/05\/portada_2020.jpg 620w\" sizes=\"(max-width: 160px) 100vw, 160px\" \/><\/a><\/div><div class='av-horizontal-gallery-wrap noHover'><a href=\"https:\/\/pasionporelcaballo.es\/wp-content\/uploads\/2021\/05\/revista_2019.pdf\" target=\"_blank\" rel=\"noopener noreferrer\"><img decoding=\"async\" class='wp-image-5146 avia-img-lazy-loading-not-5146 av-horizontal-gallery-img' width=\"160\" height=\"226\" src=\"https:\/\/pasionporelcaballo.es\/wp-content\/uploads\/2021\/06\/portada_2019-160x226.jpg\" title='Click to show details - portada_2019' alt='' srcset=\"https:\/\/pasionporelcaballo.es\/wp-content\/uploads\/2021\/06\/portada_2019-160x226.jpg 160w, https:\/\/pasionporelcaballo.es\/wp-content\/uploads\/2021\/06\/portada_2019-212x300.jpg 212w, https:\/\/pasionporelcaballo.es\/wp-content\/uploads\/2021\/06\/portada_2019-498x705.jpg 498w, https:\/\/pasionporelcaballo.es\/wp-content\/uploads\/2021\/06\/portada_2019.jpg 620w\" sizes=\"(max-width: 160px) 100vw, 160px\" \/><\/a><\/div><div class='av-horizontal-gallery-wrap noHover'><a href=\"https:\/\/pasionporelcaballo.es\/wp-content\/uploads\/2021\/05\/revista_2018.pdf\" target=\"_blank\" rel=\"noopener noreferrer\"><img decoding=\"async\" class='wp-image-5145 avia-img-lazy-loading-not-5145 av-horizontal-gallery-img' width=\"160\" height=\"226\" src=\"https:\/\/pasionporelcaballo.es\/wp-content\/uploads\/2021\/06\/portada_2018-160x226.jpg\" title='Click to show details - portada_2018' alt='' srcset=\"https:\/\/pasionporelcaballo.es\/wp-content\/uploads\/2021\/06\/portada_2018-160x226.jpg 160w, https:\/\/pasionporelcaballo.es\/wp-content\/uploads\/2021\/06\/portada_2018-212x300.jpg 212w, https:\/\/pasionporelcaballo.es\/wp-content\/uploads\/2021\/06\/portada_2018-498x705.jpg 498w, https:\/\/pasionporelcaballo.es\/wp-content\/uploads\/2021\/06\/portada_2018.jpg 620w\" sizes=\"(max-width: 160px) 100vw, 160px\" \/><\/a><\/div><div class='av-horizontal-gallery-wrap noHover'><a href=\"https:\/\/pasionporelcaballo.es\/wp-content\/uploads\/2021\/05\/revista_2017.pdf\" target=\"_blank\" rel=\"noopener noreferrer\"><img decoding=\"async\" class='wp-image-5144 avia-img-lazy-loading-not-5144 av-horizontal-gallery-img' width=\"160\" height=\"226\" src=\"https:\/\/pasionporelcaballo.es\/wp-content\/uploads\/2021\/06\/portada_2017-160x226.jpg\" title='Click to show details - portada_2017' alt='' srcset=\"https:\/\/pasionporelcaballo.es\/wp-content\/uploads\/2021\/06\/portada_2017-160x226.jpg 160w, https:\/\/pasionporelcaballo.es\/wp-content\/uploads\/2021\/06\/portada_2017-212x300.jpg 212w, https:\/\/pasionporelcaballo.es\/wp-content\/uploads\/2021\/06\/portada_2017-498x705.jpg 498w, https:\/\/pasionporelcaballo.es\/wp-content\/uploads\/2021\/06\/portada_2017.jpg 620w\" sizes=\"(max-width: 160px) 100vw, 160px\" \/><\/a><\/div><div class='av-horizontal-gallery-wrap noHover'><a href=\"https:\/\/pasionporelcaballo.es\/wp-content\/uploads\/2021\/05\/revista_2016_2.pdf\" target=\"_blank\" rel=\"noopener noreferrer\"><img decoding=\"async\" class='wp-image-5143 avia-img-lazy-loading-not-5143 av-horizontal-gallery-img' width=\"160\" height=\"226\" src=\"https:\/\/pasionporelcaballo.es\/wp-content\/uploads\/2021\/06\/portada_2016-160x226.jpg\" title='Click to show details - portada_2016' alt='' srcset=\"https:\/\/pasionporelcaballo.es\/wp-content\/uploads\/2021\/06\/portada_2016-160x226.jpg 160w, https:\/\/pasionporelcaballo.es\/wp-content\/uploads\/2021\/06\/portada_2016-212x300.jpg 212w, https:\/\/pasionporelcaballo.es\/wp-content\/uploads\/2021\/06\/portada_2016-498x705.jpg 498w, https:\/\/pasionporelcaballo.es\/wp-content\/uploads\/2021\/06\/portada_2016.jpg 620w\" sizes=\"(max-width: 160px) 100vw, 160px\" \/><\/a><\/div><div class='av-horizontal-gallery-wrap noHover'><a href=\"https:\/\/pasionporelcaballo.es\/wp-content\/uploads\/2021\/06\/Revista-N4-Pena-Caballista-Sol-de-Fuengirola.pdf\" target=\"_blank\" rel=\"noopener noreferrer\"><img decoding=\"async\" class='wp-image-5205 avia-img-lazy-loading-not-5205 av-horizontal-gallery-img' width=\"160\" height=\"226\" src=\"https:\/\/pasionporelcaballo.es\/wp-content\/uploads\/2021\/06\/revista_pena_caballista4-160x226.jpg\" title='Click to show details - revista_pena_caballista4' alt='' srcset=\"https:\/\/pasionporelcaballo.es\/wp-content\/uploads\/2021\/06\/revista_pena_caballista4-160x226.jpg 160w, https:\/\/pasionporelcaballo.es\/wp-content\/uploads\/2021\/06\/revista_pena_caballista4-212x300.jpg 212w, https:\/\/pasionporelcaballo.es\/wp-content\/uploads\/2021\/06\/revista_pena_caballista4-498x705.jpg 498w, https:\/\/pasionporelcaballo.es\/wp-content\/uploads\/2021\/06\/revista_pena_caballista4.jpg 620w\" sizes=\"(max-width: 160px) 100vw, 160px\" \/><\/a><\/div><div class='av-horizontal-gallery-wrap noHover'><a href=\"https:\/\/pasionporelcaballo.es\/wp-content\/uploads\/2021\/06\/Revista-N3-Pena-Caballista-Sol-de-Fuengirola.pdf\" target=\"_blank\" rel=\"noopener noreferrer\"><img decoding=\"async\" class='wp-image-5149 avia-img-lazy-loading-not-5149 av-horizontal-gallery-img' width=\"160\" height=\"226\" src=\"https:\/\/pasionporelcaballo.es\/wp-content\/uploads\/2021\/06\/revista_pena_caballista3-160x226.jpg\" title='Click to show details - revista_pena_caballista3' alt='' srcset=\"https:\/\/pasionporelcaballo.es\/wp-content\/uploads\/2021\/06\/revista_pena_caballista3-160x226.jpg 160w, https:\/\/pasionporelcaballo.es\/wp-content\/uploads\/2021\/06\/revista_pena_caballista3-212x300.jpg 212w, https:\/\/pasionporelcaballo.es\/wp-content\/uploads\/2021\/06\/revista_pena_caballista3-498x705.jpg 498w, https:\/\/pasionporelcaballo.es\/wp-content\/uploads\/2021\/06\/revista_pena_caballista3.jpg 620w\" sizes=\"(max-width: 160px) 100vw, 160px\" \/><\/a><\/div><div class='av-horizontal-gallery-wrap noHover'><a href=\"https:\/\/pasionporelcaballo.es\/wp-content\/uploads\/2021\/06\/Revista-N2-Pena-Caballista-Sol-de-Fuengirola.pdf\" target=\"_blank\" rel=\"noopener noreferrer\"><img decoding=\"async\" class='wp-image-5148 avia-img-lazy-loading-not-5148 av-horizontal-gallery-img' width=\"160\" height=\"226\" src=\"https:\/\/pasionporelcaballo.es\/wp-content\/uploads\/2021\/06\/revista_pena_caballista2-160x226.jpg\" title='Click to show details - revista_pena_caballista2' alt='' srcset=\"https:\/\/pasionporelcaballo.es\/wp-content\/uploads\/2021\/06\/revista_pena_caballista2-160x226.jpg 160w, https:\/\/pasionporelcaballo.es\/wp-content\/uploads\/2021\/06\/revista_pena_caballista2-212x300.jpg 212w, https:\/\/pasionporelcaballo.es\/wp-content\/uploads\/2021\/06\/revista_pena_caballista2-498x705.jpg 498w, https:\/\/pasionporelcaballo.es\/wp-content\/uploads\/2021\/06\/revista_pena_caballista2.jpg 620w\" sizes=\"(max-width: 160px) 100vw, 160px\" \/><\/a><\/div><div class='av-horizontal-gallery-wrap noHover'><a href=\"https:\/\/pasionporelcaballo.es\/wp-content\/uploads\/2021\/06\/Revista-N1-Pena-Caballista-Sol-de-Fuengirola.pdf\" target=\"_blank\" rel=\"noopener noreferrer\"><img decoding=\"async\" class='wp-image-5147 avia-img-lazy-loading-not-5147 av-horizontal-gallery-img' width=\"160\" height=\"226\" src=\"https:\/\/pasionporelcaballo.es\/wp-content\/uploads\/2021\/06\/revista_pena_caballista1-160x226.jpg\" title='Click to show details - revista_pena_caballista1' alt='' srcset=\"https:\/\/pasionporelcaballo.es\/wp-content\/uploads\/2021\/06\/revista_pena_caballista1-160x226.jpg 160w, https:\/\/pasionporelcaballo.es\/wp-content\/uploads\/2021\/06\/revista_pena_caballista1-212x300.jpg 212w, https:\/\/pasionporelcaballo.es\/wp-content\/uploads\/2021\/06\/revista_pena_caballista1-498x705.jpg 498w, https:\/\/pasionporelcaballo.es\/wp-content\/uploads\/2021\/06\/revista_pena_caballista1.jpg 620w\" sizes=\"(max-width: 160px) 100vw, 160px\" \/><\/a><\/div><\/div><\/div><\/div><\/p><\/div>\n\n<\/div><\/div><\/div><!-- close content main div --><\/div><\/div><div id='av_section_5'  class='avia-section main_color avia-section-small avia-no-border-styling  avia-bg-style-scroll  avia-builder-el-19  el_after_av_section  el_before_av_section   container_wrap fullsize' style='background-color: #333333;  margin-top:0px; margin-bottom:0px; '  ><div class='container' ><div class='template-page content  av-content-full alpha units'><div class='post-entry post-entry-type-page post-entry-4501'><div class='entry-content-wrapper clearfix'>\n<div class=\"flex_column av_one_fifth  flex_column_div av-zero-column-padding first  avia-builder-el-20  el_before_av_three_fifth  avia-builder-el-first  \" style='border-radius:0px; '><\/div><div class=\"flex_column av_three_fifth  flex_column_div av-zero-column-padding   avia-builder-el-21  el_after_av_one_fifth  el_before_av_one_fifth  \" style='border-radius:0px; '><div id='av-masonry-1' class='av-masonry  noHover av-fixed-size av-large-gap av-hover-overlay- av-masonry-animation- av-masonry-col-flexible av-caption-always av-caption-style- av-masonry-gallery   av-orientation-square   av-medium-columns-overwrite av-medium-columns-4 av-small-columns-overwrite av-small-columns-4 av-mini-columns-overwrite av-mini-columns-2' style='background-color:#333333; ' ><div class='av-masonry-container isotope av-js-disabled ' ><div class='av-masonry-entry isotope-item av-masonry-item-no-image '><\/div><div id='av-masonry-1-item-7292' data-av-masonry-item='7292' class='av-masonry-entry isotope-item post-7292 attachment type-attachment status-inherit hentry  av-masonry-item-with-image'   itemprop=\"thumbnailUrl\" ><div class='av-inner-masonry-sizer'><\/div><figure class='av-inner-masonry main_color'><div class=\"av-masonry-outerimage-container\"><div class=\"av-masonry-image-container\" style=\"background-image: url(https:\/\/pasionporelcaballo.es\/wp-content\/uploads\/2023\/04\/WhatsApp-Image-2023-04-20-at-19.18.16.jpeg);\" title=\"WhatsApp Image 2023-04-20 at 19.18.16\" ><\/div><\/div><\/figure><\/div><!--end av-masonry entry--><div id='av-masonry-1-item-6248' data-av-masonry-item='6248' class='av-masonry-entry isotope-item post-6248 attachment type-attachment status-inherit hentry  av-masonry-item-with-image'   itemprop=\"thumbnailUrl\" ><div class='av-inner-masonry-sizer'><\/div><figure class='av-inner-masonry main_color'><div class=\"av-masonry-outerimage-container\"><div class=\"av-masonry-image-container\" style=\"background-image: url(https:\/\/pasionporelcaballo.es\/wp-content\/uploads\/2022\/09\/Caballo-Meson1.jpg);\" title=\"Caballo Mes\u00f3n\" ><\/div><\/div><\/figure><\/div><!--end av-masonry entry--><div id='av-masonry-1-item-7541' data-av-masonry-item='7541' class='av-masonry-entry isotope-item post-7541 attachment type-attachment status-inherit hentry  av-masonry-item-with-image'   itemprop=\"thumbnailUrl\" ><div class='av-inner-masonry-sizer'><\/div><figure class='av-inner-masonry main_color'><div class=\"av-masonry-outerimage-container\"><div class=\"av-masonry-image-container\" style=\"background-image: url(https:\/\/pasionporelcaballo.es\/wp-content\/uploads\/2023\/08\/Publicidad-retoc-Cortijo-Los-Chalanes-2.jpg);\" title=\"Publicidad-retoc-Cortijo-Los-Chalanes-2\" ><\/div><\/div><\/figure><\/div><!--end av-masonry entry--><div id='av-masonry-1-item-8312' data-av-masonry-item='8312' class='av-masonry-entry isotope-item post-8312 attachment type-attachment status-inherit hentry  av-masonry-item-with-image'   itemprop=\"thumbnailUrl\" ><div class='av-inner-masonry-sizer'><\/div><figure class='av-inner-masonry main_color'><div class=\"av-masonry-outerimage-container\"><div class=\"av-masonry-image-container\" style=\"background-image: url(https:\/\/pasionporelcaballo.es\/wp-content\/uploads\/2025\/09\/polo-horse-705x705.jpg);\" title=\"polo-horse\"  alt=\"Polo Horse\" ><\/div><\/div><\/figure><\/div><!--end av-masonry entry--><a href=\"https:\/\/www.facebook.com\/tabankoelcallejonfuengirola\/?locale=es_ES\"  aria-label=\"image Publicidad-Tabanko-el-callejon\"  id='av-masonry-1-item-7543' data-av-masonry-item='7543' class='av-masonry-entry isotope-item post-7543 attachment type-attachment status-inherit hentry  av-masonry-item-with-image' title=\"Publicidad-Tabanko-el-callejon\" alt=\"\"   itemprop=\"thumbnailUrl\" ><div class='av-inner-masonry-sizer'><\/div><figure class='av-inner-masonry main_color'><div class=\"av-masonry-outerimage-container\"><div class=\"av-masonry-image-container\" style=\"background-image: url(https:\/\/pasionporelcaballo.es\/wp-content\/uploads\/2023\/08\/Publicidad-Tabanko-el-callejon.jpg);\" title=\"Publicidad-Tabanko-el-callejon\" ><\/div><\/div><\/figure><\/a><!--end av-masonry entry--><a href=\"https:\/\/bpmilko.es\/\"  aria-label=\"image sponsor-diana-porshe\"  id='av-masonry-1-item-4709' data-av-masonry-item='4709' class='av-masonry-entry isotope-item post-4709 attachment type-attachment status-inherit hentry  av-masonry-item-with-image' title=\"sponsor-diana-porshe\" alt=\"\"   itemprop=\"thumbnailUrl\" ><div class='av-inner-masonry-sizer'><\/div><figure class='av-inner-masonry main_color'><div class=\"av-masonry-outerimage-container\"><div class=\"av-masonry-image-container\" style=\"background-image: url(https:\/\/pasionporelcaballo.es\/wp-content\/uploads\/2021\/05\/sponsor-diana-porshe.png);\" title=\"sponsor-diana-porshe\" ><\/div><\/div><\/figure><\/a><!--end av-masonry entry--><\/div><\/div><\/div><div class=\"flex_column av_one_fifth  flex_column_div av-zero-column-padding   avia-builder-el-23  el_after_av_three_fifth  avia-builder-el-last  \" style='border-radius:0px; '><\/div><\/div><\/div><\/div><!-- close content main div --><\/div><\/div><div id='av_section_6'  class='avia-section main_color avia-section-small avia-no-shadow  avia-bg-style-scroll  avia-builder-el-24  el_after_av_section  el_before_av_section   container_wrap fullsize' style='background-color: #ededed;  '  ><div class='container' ><div class='template-page content  av-content-full alpha units'><div class='post-entry post-entry-type-page post-entry-4501'><div class='entry-content-wrapper clearfix'>\n<div class=\"flex_column av_one_third  flex_column_div first  avia-builder-el-25  el_before_av_one_third  avia-builder-el-first  \" style='margin-top:0px; margin-bottom:0px; padding:0px 10px 0px 0px ; border-radius:0px; '><div  id=\"1\"  class='av-magazine   avia-builder-el-26  avia-builder-el-no-sibling   av-magazine-top-bar-active av-magazine-tabs-active' ><div class='av-magazine-top-bar ' ><a href='http:\/\/' class='av-magazine-top-heading '>INTERVIEWS<\/a><\/div><div class='av-magazine-group sort_all'><article class='av-magazine-entry av-magazine-entry-id-5600 av-magazine-format-standard av-magazine-type-post av-magazine-entry-1 av-magazine-entry-small '  itemscope=\"itemscope\" itemtype=\"https:\/\/schema.org\/CreativeWork\" ><div class='av-magazine-thumbnail'><a href='https:\/\/pasionporelcaballo.es\/en\/we-dream-of-doing-well-representing-spain\/' title='Link to: We dream of doing well representing Spain.' class='av-magazine-thumbnail-link '><img decoding=\"async\" width=\"80\" height=\"80\" src=\"https:\/\/pasionporelcaballo.es\/wp-content\/uploads\/2021\/08\/Monica-Martin-80x80.jpg\" class=\"wp-image-5588 avia-img-lazy-loading-not-5588 attachment-thumbnail size-thumbnail wp-post-image\" alt=\"\" srcset=\"https:\/\/pasionporelcaballo.es\/wp-content\/uploads\/2021\/08\/Monica-Martin-80x80.jpg 80w, https:\/\/pasionporelcaballo.es\/wp-content\/uploads\/2021\/08\/Monica-Martin-36x36.jpg 36w, https:\/\/pasionporelcaballo.es\/wp-content\/uploads\/2021\/08\/Monica-Martin-180x180.jpg 180w\" sizes=\"(max-width: 80px) 100vw, 80px\" \/><\/a><\/div><div class='av-magazine-content-wrap'><header class='entry-content-header'><time class='av-magazine-time updated'  itemprop=\"datePublished\" datetime=\"2021-08-27T11:35:55+02:00\" >27\/08\/2021<\/time><h3 class='av-magazine-title entry-title '  itemprop=\"headline\" ><a href='https:\/\/pasionporelcaballo.es\/en\/we-dream-of-doing-well-representing-spain\/' title='Link to: We dream of doing well representing Spain.'>We dream of doing well representing Spain.<\/a><\/h3><\/header><\/div><footer class='entry-footer'><\/footer><\/article><article class='av-magazine-entry av-magazine-entry-id-897 av-magazine-format-standard av-magazine-type-post av-magazine-entry-2 av-magazine-entry-small '  itemscope=\"itemscope\" itemtype=\"https:\/\/schema.org\/CreativeWork\" ><div class='av-magazine-thumbnail'><a href='https:\/\/pasionporelcaballo.es\/en\/luis-rivera-veterinary-doctor\/' title='Link to: Luis Rivera &#8211; Veterinary Doctor' class='av-magazine-thumbnail-link '><img loading=\"lazy\" decoding=\"async\" width=\"80\" height=\"80\" src=\"https:\/\/pasionporelcaballo.es\/wp-content\/uploads\/2021\/03\/don-luis-rivera-80x80.png\" class=\"wp-image-2369 avia-img-lazy-loading-2369 attachment-thumbnail size-thumbnail wp-post-image\" alt=\"Don Luis Rivera, junto a las esquilas de la ganader\u00eda San Miguel, en uno de sus guadarneses.\" srcset=\"https:\/\/pasionporelcaballo.es\/wp-content\/uploads\/2021\/03\/don-luis-rivera-80x80.png 80w, https:\/\/pasionporelcaballo.es\/wp-content\/uploads\/2021\/03\/don-luis-rivera-36x36.png 36w, https:\/\/pasionporelcaballo.es\/wp-content\/uploads\/2021\/03\/don-luis-rivera-180x180.png 180w\" sizes=\"(max-width: 80px) 100vw, 80px\" \/><\/a><\/div><div class='av-magazine-content-wrap'><header class='entry-content-header'><time class='av-magazine-time updated'  itemprop=\"datePublished\" datetime=\"2020-10-04T18:15:00+02:00\" >04\/10\/2020<\/time><h3 class='av-magazine-title entry-title '  itemprop=\"headline\" ><a href='https:\/\/pasionporelcaballo.es\/en\/luis-rivera-veterinary-doctor\/' title='Link to: Luis Rivera &#8211; Veterinary Doctor'>Luis Rivera &#8211; Veterinary Doctor<\/a><\/h3><\/header><\/div><footer class='entry-footer'><\/footer><\/article><\/div><\/div><\/div><div class=\"flex_column av_one_third  flex_column_div   avia-builder-el-27  el_after_av_one_third  el_before_av_one_third  \" style='margin-top:0px; margin-bottom:0px; padding:0px 10px 0px 10px ; border-radius:0px; '><div  id=\"2\"  class='av-magazine   avia-builder-el-28  avia-builder-el-no-sibling   av-magazine-top-bar-active av-magazine-tabs-active' ><div class='av-magazine-top-bar ' ><a href='http:\/\/' class='av-magazine-top-heading '>NEWS<\/a><\/div><div class='av-magazine-group sort_all'><article class='av-magazine-entry av-magazine-entry-id-5659 av-magazine-format-standard av-magazine-type-post av-magazine-entry-1 av-magazine-entry-small '  itemscope=\"itemscope\" itemtype=\"https:\/\/schema.org\/CreativeWork\" ><div class='av-magazine-thumbnail'><a href='https:\/\/pasionporelcaballo.es\/en\/asencio-takes-the-grand-prix-special-with-focus-cdn-dos-lunas\/' title='Link to: Asencio takes the Grand Prix Special with Focus &#8211; CDN*** Dos Lunas' class='av-magazine-thumbnail-link '><img decoding=\"async\" width=\"80\" height=\"80\" src=\"https:\/\/pasionporelcaballo.es\/wp-content\/uploads\/2021\/09\/image00003-80x80.jpeg\" class=\"wp-image-5656 avia-img-lazy-loading-not-5656 attachment-thumbnail size-thumbnail wp-post-image\" alt=\"\" srcset=\"https:\/\/pasionporelcaballo.es\/wp-content\/uploads\/2021\/09\/image00003-80x80.jpeg 80w, https:\/\/pasionporelcaballo.es\/wp-content\/uploads\/2021\/09\/image00003-36x36.jpeg 36w, https:\/\/pasionporelcaballo.es\/wp-content\/uploads\/2021\/09\/image00003-180x180.jpeg 180w\" sizes=\"(max-width: 80px) 100vw, 80px\" \/><\/a><\/div><div class='av-magazine-content-wrap'><header class='entry-content-header'><time class='av-magazine-time updated'  itemprop=\"datePublished\" datetime=\"2021-09-14T11:23:24+02:00\" >14\/09\/2021<\/time><h3 class='av-magazine-title entry-title '  itemprop=\"headline\" ><a href='https:\/\/pasionporelcaballo.es\/en\/asencio-takes-the-grand-prix-special-with-focus-cdn-dos-lunas\/' title='Link to: Asencio takes the Grand Prix Special with Focus &#8211; CDN*** Dos Lunas'>Asencio takes the Grand Prix Special with Focus &#8211; CDN*** Dos Lunas<\/a><\/h3><\/header><\/div><footer class='entry-footer'><\/footer><\/article><article class='av-magazine-entry av-magazine-entry-id-5642 av-magazine-format-standard av-magazine-type-post av-magazine-entry-2 av-magazine-entry-small '  itemscope=\"itemscope\" itemtype=\"https:\/\/schema.org\/CreativeWork\" ><div class='av-magazine-thumbnail'><a href='https:\/\/pasionporelcaballo.es\/en\/marques-de-riscal-wins-the-gold-cup\/' title='Link to: Marqu\u00e9s de Riscal wins the Gold Cup' class='av-magazine-thumbnail-link '><img decoding=\"async\" width=\"80\" height=\"80\" src=\"https:\/\/pasionporelcaballo.es\/wp-content\/uploads\/2021\/09\/Marques-de-Riscal-Ganador-de-la-Copa-de-Oro-50-Aniversario-de-Alto-Handicap-Photo-Credit-MATIAS-CALLEJO-80x80.jpg\" class=\"wp-image-5635 avia-img-lazy-loading-not-5635 attachment-thumbnail size-thumbnail wp-post-image\" alt=\"\" srcset=\"https:\/\/pasionporelcaballo.es\/wp-content\/uploads\/2021\/09\/Marques-de-Riscal-Ganador-de-la-Copa-de-Oro-50-Aniversario-de-Alto-Handicap-Photo-Credit-MATIAS-CALLEJO-80x80.jpg 80w, https:\/\/pasionporelcaballo.es\/wp-content\/uploads\/2021\/09\/Marques-de-Riscal-Ganador-de-la-Copa-de-Oro-50-Aniversario-de-Alto-Handicap-Photo-Credit-MATIAS-CALLEJO-36x36.jpg 36w, https:\/\/pasionporelcaballo.es\/wp-content\/uploads\/2021\/09\/Marques-de-Riscal-Ganador-de-la-Copa-de-Oro-50-Aniversario-de-Alto-Handicap-Photo-Credit-MATIAS-CALLEJO-180x180.jpg 180w\" sizes=\"(max-width: 80px) 100vw, 80px\" \/><\/a><\/div><div class='av-magazine-content-wrap'><header class='entry-content-header'><time class='av-magazine-time updated'  itemprop=\"datePublished\" datetime=\"2021-09-08T10:12:49+02:00\" >08\/09\/2021<\/time><h3 class='av-magazine-title entry-title '  itemprop=\"headline\" ><a href='https:\/\/pasionporelcaballo.es\/en\/marques-de-riscal-wins-the-gold-cup\/' title='Link to: Marqu\u00e9s de Riscal wins the Gold Cup'>Marqu\u00e9s de Riscal wins the Gold Cup<\/a><\/h3><\/header><\/div><footer class='entry-footer'><\/footer><\/article><article class='av-magazine-entry av-magazine-entry-id-5611 av-magazine-format-standard av-magazine-type-post av-magazine-entry-3 av-magazine-entry-small '  itemscope=\"itemscope\" itemtype=\"https:\/\/schema.org\/CreativeWork\" ><div class='av-magazine-thumbnail'><a href='https:\/\/pasionporelcaballo.es\/en\/carduelisur-offers-the-best-for-your-pet-at-the-best-price\/' title='Link to: Carduelisur offers the best for your pet at the best price' class='av-magazine-thumbnail-link '><img decoding=\"async\" width=\"80\" height=\"80\" src=\"https:\/\/pasionporelcaballo.es\/wp-content\/uploads\/2021\/08\/IMG_3340-80x80.jpg\" class=\"wp-image-5608 avia-img-lazy-loading-not-5608 attachment-thumbnail size-thumbnail wp-post-image\" alt=\"Carduelisur ofrece lo mejor para su mascota al mejor precio\" srcset=\"https:\/\/pasionporelcaballo.es\/wp-content\/uploads\/2021\/08\/IMG_3340-80x80.jpg 80w, https:\/\/pasionporelcaballo.es\/wp-content\/uploads\/2021\/08\/IMG_3340-36x36.jpg 36w, https:\/\/pasionporelcaballo.es\/wp-content\/uploads\/2021\/08\/IMG_3340-180x180.jpg 180w\" sizes=\"(max-width: 80px) 100vw, 80px\" \/><\/a><\/div><div class='av-magazine-content-wrap'><header class='entry-content-header'><time class='av-magazine-time updated'  itemprop=\"datePublished\" datetime=\"2021-08-31T09:58:12+02:00\" >31\/08\/2021<\/time><h3 class='av-magazine-title entry-title '  itemprop=\"headline\" ><a href='https:\/\/pasionporelcaballo.es\/en\/carduelisur-offers-the-best-for-your-pet-at-the-best-price\/' title='Link to: Carduelisur offers the best for your pet at the best price'>Carduelisur offers the best for your pet at the best price<\/a><\/h3><\/header><\/div><footer class='entry-footer'><\/footer><\/article><article class='av-magazine-entry av-magazine-entry-id-5563 av-magazine-format-standard av-magazine-type-post av-magazine-entry-4 av-magazine-entry-small '  itemscope=\"itemscope\" itemtype=\"https:\/\/schema.org\/CreativeWork\" ><div class='av-magazine-thumbnail'><a href='https:\/\/pasionporelcaballo.es\/en\/daniel-martin-is-selected-with-malagueno\/' title='Link to: Daniel Mart\u00edn is selected with Malague\u00f1o' class='av-magazine-thumbnail-link '><img decoding=\"async\" width=\"80\" height=\"80\" src=\"https:\/\/pasionporelcaballo.es\/wp-content\/uploads\/2021\/08\/Jose-Daniel-Martin-DockxMalagueno-LXXXIII-de-Francisco-Santiago-Ruiz-80x80.jpg\" class=\"wp-image-5561 avia-img-lazy-loading-not-5561 attachment-thumbnail size-thumbnail wp-post-image\" alt=\"Daniel Mart\u00edn es seleccionado con Malague\u00f1o\" srcset=\"https:\/\/pasionporelcaballo.es\/wp-content\/uploads\/2021\/08\/Jose-Daniel-Martin-DockxMalagueno-LXXXIII-de-Francisco-Santiago-Ruiz-80x80.jpg 80w, https:\/\/pasionporelcaballo.es\/wp-content\/uploads\/2021\/08\/Jose-Daniel-Martin-DockxMalagueno-LXXXIII-de-Francisco-Santiago-Ruiz-300x300.jpg 300w, https:\/\/pasionporelcaballo.es\/wp-content\/uploads\/2021\/08\/Jose-Daniel-Martin-DockxMalagueno-LXXXIII-de-Francisco-Santiago-Ruiz-768x768.jpg 768w, https:\/\/pasionporelcaballo.es\/wp-content\/uploads\/2021\/08\/Jose-Daniel-Martin-DockxMalagueno-LXXXIII-de-Francisco-Santiago-Ruiz-36x36.jpg 36w, https:\/\/pasionporelcaballo.es\/wp-content\/uploads\/2021\/08\/Jose-Daniel-Martin-DockxMalagueno-LXXXIII-de-Francisco-Santiago-Ruiz-180x180.jpg 180w, https:\/\/pasionporelcaballo.es\/wp-content\/uploads\/2021\/08\/Jose-Daniel-Martin-DockxMalagueno-LXXXIII-de-Francisco-Santiago-Ruiz-705x705.jpg 705w, https:\/\/pasionporelcaballo.es\/wp-content\/uploads\/2021\/08\/Jose-Daniel-Martin-DockxMalagueno-LXXXIII-de-Francisco-Santiago-Ruiz.jpg 912w\" sizes=\"(max-width: 80px) 100vw, 80px\" \/><\/a><\/div><div class='av-magazine-content-wrap'><header class='entry-content-header'><time class='av-magazine-time updated'  itemprop=\"datePublished\" datetime=\"2021-08-17T10:55:05+02:00\" >17\/08\/2021<\/time><h3 class='av-magazine-title entry-title '  itemprop=\"headline\" ><a href='https:\/\/pasionporelcaballo.es\/en\/daniel-martin-is-selected-with-malagueno\/' title='Link to: Daniel Mart\u00edn is selected with Malague\u00f1o'>Daniel Mart\u00edn is selected with Malague\u00f1o<\/a><\/h3><\/header><\/div><footer class='entry-footer'><\/footer><\/article><\/div><\/div><\/div><div class=\"flex_column av_one_third  flex_column_div   avia-builder-el-29  el_after_av_one_third  avia-builder-el-last  \" style='margin-top:0px; margin-bottom:0px; padding:0px 0px 0px 10px ; border-radius:0px; '><div  id=\"3\"  class='av-magazine   avia-builder-el-30  avia-builder-el-no-sibling   av-magazine-top-bar-active av-magazine-tabs-active' ><div class='av-magazine-top-bar ' ><a href='http:\/\/' class='av-magazine-top-heading '>EVENTS \/ COMPETITIONS<\/a><\/div><div class='av-magazine-group sort_all'><article class='av-magazine-entry av-magazine-entry-id-5557 av-magazine-format-standard av-magazine-type-post av-magazine-entry-1 av-magazine-entry-small '  itemscope=\"itemscope\" itemtype=\"https:\/\/schema.org\/CreativeWork\" ><div class='av-magazine-thumbnail'><a href='https:\/\/pasionporelcaballo.es\/en\/the-competition-in-gp-and-6-years-is-close\/' title='Link to: The competition in GP and 6 years is close' class='av-magazine-thumbnail-link '><img decoding=\"async\" width=\"80\" height=\"80\" src=\"https:\/\/pasionporelcaballo.es\/wp-content\/uploads\/2021\/08\/Daniel-Martin-Dockx-buena-80x80.jpg\" class=\"wp-image-5551 avia-img-lazy-loading-not-5551 attachment-thumbnail size-thumbnail wp-post-image\" alt=\"La competici\u00f3n en GP y 6 a\u00f1os est\u00e1 re\u00f1ida\" srcset=\"https:\/\/pasionporelcaballo.es\/wp-content\/uploads\/2021\/08\/Daniel-Martin-Dockx-buena-80x80.jpg 80w, https:\/\/pasionporelcaballo.es\/wp-content\/uploads\/2021\/08\/Daniel-Martin-Dockx-buena-36x36.jpg 36w, https:\/\/pasionporelcaballo.es\/wp-content\/uploads\/2021\/08\/Daniel-Martin-Dockx-buena-180x180.jpg 180w\" sizes=\"(max-width: 80px) 100vw, 80px\" \/><\/a><\/div><div class='av-magazine-content-wrap'><header class='entry-content-header'><time class='av-magazine-time updated'  itemprop=\"datePublished\" datetime=\"2021-08-13T09:56:19+02:00\" >13\/08\/2021<\/time><h3 class='av-magazine-title entry-title '  itemprop=\"headline\" ><a href='https:\/\/pasionporelcaballo.es\/en\/the-competition-in-gp-and-6-years-is-close\/' title='Link to: The competition in GP and 6 years is close'>The competition in GP and 6 years is close<\/a><\/h3><\/header><\/div><footer class='entry-footer'><\/footer><\/article><article class='av-magazine-entry av-magazine-entry-id-895 av-magazine-format-standard av-magazine-type-post av-magazine-entry-2 av-magazine-entry-small '  itemscope=\"itemscope\" itemtype=\"https:\/\/schema.org\/CreativeWork\" ><div class='av-magazine-thumbnail'><a href='https:\/\/pasionporelcaballo.es\/en\/gold-cup-conquered-by-saintemesme-49th-international-tournament-polo-sotogrande\/' title='Link to: Gold Cup conquered by SainteMesme &#8211; 49th International Tournament Polo Sotogrande' class='av-magazine-thumbnail-link '><img loading=\"lazy\" decoding=\"async\" width=\"80\" height=\"80\" src=\"https:\/\/pasionporelcaballo.es\/wp-content\/uploads\/2021\/03\/equipo-frances-vencedor-80x80.png\" class=\"wp-image-2435 avia-img-lazy-loading-2435 attachment-thumbnail size-thumbnail wp-post-image\" alt=\"El equipo franc\u00e9s SainteMesme se proclam\u00f3 el vencedor de la Copa de Oro tras ganar 11 a 10 a BN Polo Team en una final muy re\u00f1ida.\" srcset=\"https:\/\/pasionporelcaballo.es\/wp-content\/uploads\/2021\/03\/equipo-frances-vencedor-80x80.png 80w, https:\/\/pasionporelcaballo.es\/wp-content\/uploads\/2021\/03\/equipo-frances-vencedor-36x36.png 36w, https:\/\/pasionporelcaballo.es\/wp-content\/uploads\/2021\/03\/equipo-frances-vencedor-180x180.png 180w\" sizes=\"(max-width: 80px) 100vw, 80px\" \/><\/a><\/div><div class='av-magazine-content-wrap'><header class='entry-content-header'><time class='av-magazine-time updated'  itemprop=\"datePublished\" datetime=\"2020-08-31T18:16:00+02:00\" >31\/08\/2020<\/time><h3 class='av-magazine-title entry-title '  itemprop=\"headline\" ><a href='https:\/\/pasionporelcaballo.es\/en\/gold-cup-conquered-by-saintemesme-49th-international-tournament-polo-sotogrande\/' title='Link to: Gold Cup conquered by SainteMesme &#8211; 49th International Tournament Polo Sotogrande'>Gold Cup conquered by SainteMesme &#8211; 49th International Tournament Polo Sotogrande<\/a><\/h3><\/header><\/div><footer class='entry-footer'><\/footer><\/article><\/div><\/div><\/div>\n<\/p>\n<\/div><\/div><\/div><!-- close content main div --><\/div><\/div><div id='av_section_7'  class='avia-section main_color avia-section-small avia-no-border-styling  avia-bg-style-scroll  avia-builder-el-31  el_after_av_section  el_before_av_section   container_wrap fullsize' style='background-color: #686868;  '  ><div class='container' ><div class='template-page content  av-content-full alpha units'><div class='post-entry post-entry-type-page post-entry-4501'><div class='entry-content-wrapper clearfix'>\n<div  class='avia-image-container  av-styling-no-styling    avia-builder-el-32  avia-builder-el-no-sibling  avia-align-center '  itemprop=\"image\" itemscope=\"itemscope\" itemtype=\"https:\/\/schema.org\/ImageObject\"  ><div class='avia-image-container-inner'><div class='avia-image-overlay-wrap'><a href='https:\/\/www.fuengirola.es\/programa-feria-del-rosario-2022\/' class='avia_image'  ><img decoding=\"async\" width=\"728\" height=\"90\" class='wp-image-6228 avia-img-lazy-loading-not-6228 avia_image' src=\"https:\/\/pasionporelcaballo.es\/wp-content\/uploads\/2022\/09\/anunciate-aqui.jpg\" alt='' title='An\u00fanciate Aqu\u00ed'  itemprop=\"thumbnailUrl\" srcset=\"https:\/\/pasionporelcaballo.es\/wp-content\/uploads\/2022\/09\/anunciate-aqui.jpg 728w, https:\/\/pasionporelcaballo.es\/wp-content\/uploads\/2022\/09\/anunciate-aqui-300x37.jpg 300w, https:\/\/pasionporelcaballo.es\/wp-content\/uploads\/2022\/09\/anunciate-aqui-705x87.jpg 705w\" sizes=\"(max-width: 728px) 100vw, 728px\" \/><\/a><\/div><\/div><\/div>\n\n<\/div><\/div><\/div><!-- close content main div --><\/div><\/div><div id='av_section_8'  class='avia-section main_color avia-section-small avia-no-border-styling  avia-bg-style-scroll  avia-builder-el-33  el_after_av_section  avia-builder-el-last   av-desktop-hide av-medium-hide av-small-hide av-mini-hide container_wrap fullsize' style='background-color: #686868;  '  ><div class='container' ><div class='template-page content  av-content-full alpha units'><div class='post-entry post-entry-type-page post-entry-4501'><div class='entry-content-wrapper clearfix'>\n<div class='flex_column_table av-equal-height-column-flextable -flextable' style='margin-top:0px; margin-bottom:0px; '><div class=\"flex_column av_three_fifth  no_margin flex_column_table_cell av-equal-height-column av-align-middle av-zero-column-padding first  avia-builder-el-34  el_before_av_two_fifth  avia-builder-el-first  \" style='border-radius:0px; '><div  class='avia-image-container  av-styling-no-styling    avia-builder-el-35  avia-builder-el-no-sibling  avia-align-center '  itemprop=\"image\" itemscope=\"itemscope\" itemtype=\"https:\/\/schema.org\/ImageObject\"  ><div class='avia-image-container-inner'><div class='avia-image-overlay-wrap'><img decoding=\"async\" class='wp-image-6532 avia-img-lazy-loading-not-6532 avia_image' src=\"https:\/\/pasionporelcaballo.es\/wp-content\/uploads\/2022\/10\/Carduelisur-1.jpg\" alt='Carduelisur' title='Carduelisur' height=\"464\" width=\"1030\"  itemprop=\"thumbnailUrl\" srcset=\"https:\/\/pasionporelcaballo.es\/wp-content\/uploads\/2022\/10\/Carduelisur-1.jpg 1030w, https:\/\/pasionporelcaballo.es\/wp-content\/uploads\/2022\/10\/Carduelisur-1-300x135.jpg 300w, https:\/\/pasionporelcaballo.es\/wp-content\/uploads\/2022\/10\/Carduelisur-1-768x346.jpg 768w, https:\/\/pasionporelcaballo.es\/wp-content\/uploads\/2022\/10\/Carduelisur-1-705x318.jpg 705w\" sizes=\"(max-width: 1030px) 100vw, 1030px\" \/><\/div><\/div><\/div><\/div><div class=\"flex_column av_two_fifth  no_margin flex_column_table_cell av-equal-height-column av-align-middle   avia-builder-el-36  el_after_av_three_fifth  avia-builder-el-last  \" style='padding:0px 0px 0px 0px ; border-radius:0px; '><div  class='avia-image-container  av-styling-no-styling    avia-builder-el-37  avia-builder-el-no-sibling  avia-align-center '  itemprop=\"image\" itemscope=\"itemscope\" itemtype=\"https:\/\/schema.org\/ImageObject\"  ><div class='avia-image-container-inner'><div class='avia-image-overlay-wrap'><img decoding=\"async\" class='wp-image-6534 avia-img-lazy-loading-not-6534 avia_image' src=\"https:\/\/pasionporelcaballo.es\/wp-content\/uploads\/2022\/10\/taberna-gastronomica-2.jpg\" alt='Taberna Plaza Vieja' title='Taberna Plaza Vieja' height=\"464\" width=\"659\"  itemprop=\"thumbnailUrl\" srcset=\"https:\/\/pasionporelcaballo.es\/wp-content\/uploads\/2022\/10\/taberna-gastronomica-2.jpg 659w, https:\/\/pasionporelcaballo.es\/wp-content\/uploads\/2022\/10\/taberna-gastronomica-2-300x211.jpg 300w\" sizes=\"(max-width: 659px) 100vw, 659px\" \/><\/div><\/div><\/div><\/div><\/div><!--close column table wrapper. Autoclose: 1 -->\n\n","protected":false},"excerpt":{"rendered":"","protected":false},"author":1,"featured_media":0,"parent":0,"menu_order":0,"comment_status":"closed","ping_status":"closed","template":"","meta":{"footnotes":""},"yst_prominent_words":[],"_links":{"self":[{"href":"https:\/\/pasionporelcaballo.es\/en\/wp-json\/wp\/v2\/pages\/4501"}],"collection":[{"href":"https:\/\/pasionporelcaballo.es\/en\/wp-json\/wp\/v2\/pages"}],"about":[{"href":"https:\/\/pasionporelcaballo.es\/en\/wp-json\/wp\/v2\/types\/page"}],"author":[{"embeddable":true,"href":"https:\/\/pasionporelcaballo.es\/en\/wp-json\/wp\/v2\/users\/1"}],"replies":[{"embeddable":true,"href":"https:\/\/pasionporelcaballo.es\/en\/wp-json\/wp\/v2\/comments?post=4501"}],"version-history":[{"count":68,"href":"https:\/\/pasionporelcaballo.es\/en\/wp-json\/wp\/v2\/pages\/4501\/revisions"}],"predecessor-version":[{"id":8316,"href":"https:\/\/pasionporelcaballo.es\/en\/wp-json\/wp\/v2\/pages\/4501\/revisions\/8316"}],"wp:attachment":[{"href":"https:\/\/pasionporelcaballo.es\/en\/wp-json\/wp\/v2\/media?parent=4501"}],"wp:term":[{"taxonomy":"yst_prominent_words","embeddable":true,"href":"https:\/\/pasionporelcaballo.es\/en\/wp-json\/wp\/v2\/yst_prominent_words?post=4501"}],"curies":[{"name":"wp","href":"https:\/\/api.w.org\/{rel}","templated":true}]}}